{"id":8258,"date":"2024-05-16T08:41:56","date_gmt":"2024-05-16T08:41:56","guid":{"rendered":"https:\/\/www.clarel.es\/blog\/?page_id=8258"},"modified":"2025-09-23T11:59:28","modified_gmt":"2025-09-23T11:59:28","slug":"clarel-just-eat-acuerdo","status":"publish","type":"page","link":"https:\/\/www.clarel.es\/blog\/clarel-just-eat-acuerdo\/","title":{"rendered":"Just Eat y Clarel sellan un acuerdo estrat\u00e9gico para abrir una nueva categor\u00eda con productos de cuidado personal, belleza y hogar"},"content":{"rendered":"\t\t<div data-elementor-type=\"wp-page\" data-elementor-id=\"8258\" class=\"elementor elementor-8258\" data-elementor-post-type=\"page\">\n\t\t\t\t<div class=\"elementor-element elementor-element-47ff552f e-flex e-con-boxed e-con e-parent\" data-id=\"47ff552f\" data-element_type=\"container\">\n\t\t\t\t\t<div class=\"e-con-inner\">\n\t\t\t\t<div class=\"elementor-element elementor-element-b568f63 elementor-widget elementor-widget-text-editor\" data-id=\"b568f63\" data-element_type=\"widget\" data-widget_type=\"text-editor.default\">\n\t\t\t\t<div class=\"elementor-widget-container\">\n\t\t\t\t\t\t\t\t\t<div class=\"et_pb_module et_pb_text et_pb_text_0  et_pb_text_align_left et_pb_bg_layout_light\" style=\"margin: 0px 0px 29.7px; padding: 0px; border: 0px; outline: 0px; font-size: 31px; text-size-adjust: 100%; vertical-align: baseline; background-image: initial; background-position: 50% center; background-size: cover; background-repeat: no-repeat; background-attachment: initial; background-origin: initial; background-clip: initial; position: relative; animation-timing-function: linear; animation-duration: 0.2s; overflow-wrap: break-word; font-family: &quot;Gelica Light&quot;, Helvetica, Arial, Lucida, sans-serif; color: rgb(245, 165, 115) !important;\"><div class=\"et_pb_text_inner\" style=\"margin: 0px; padding: 0px; border: 0px; outline: 0px; text-size-adjust: 100%; vertical-align: baseline; background: transparent; position: relative;\"><p class=\"et_pb_toggle_title\" style=\"margin: 0px; padding: 0px; border: 0px; outline: 0px; text-size-adjust: 100%; vertical-align: baseline; background: transparent;\">Just Eat y Clarel sellan un acuerdo estrat\u00e9gico para abrir una nueva categor\u00eda con productos de cuidado personal, belleza y hogar.<\/p><\/div><\/div><div class=\"et_pb_module et_pb_text et_pb_text_1  et_pb_text_align_left et_pb_bg_layout_light\" style=\"margin: 0px 0px 29.7px; padding: 0px; border: 0px; outline: 0px; font-size: 14px; text-size-adjust: 100%; vertical-align: baseline; background-image: initial; background-position: 50% center; background-size: cover; background-repeat: no-repeat; background-attachment: initial; background-origin: initial; background-clip: initial; position: relative; animation-timing-function: linear; animation-duration: 0.2s; overflow-wrap: break-word; color: rgb(102, 102, 102); font-family: Poppins, Helvetica, Arial, Lucida, sans-serif;\"><div class=\"et_pb_text_inner\" style=\"margin: 0px; padding: 0px; border: 0px; outline: 0px; text-size-adjust: 100%; vertical-align: baseline; background: transparent; position: relative;\"><p style=\"margin: 0px; padding: 0px; border: 0px; outline: 0px; text-size-adjust: 100%; vertical-align: baseline; background: transparent;\"><b style=\"margin: 0px; padding: 0px; border: 0px; outline: 0px; text-size-adjust: 100%; vertical-align: baseline; background: transparent;\">Madrid, 7 de febrero de 2024<\/b><\/p><\/div><\/div><div class=\"et_pb_module et_pb_text et_pb_text_2  et_pb_text_align_left et_pb_bg_layout_light\" style=\"margin: 0px 0px 29.7px; padding: 0px; border: 0px; outline: 0px; font-size: 14px; text-size-adjust: 100%; vertical-align: baseline; background-image: initial; background-position: 50% center; background-size: cover; background-repeat: no-repeat; background-attachment: initial; background-origin: initial; background-clip: initial; position: relative; animation-timing-function: linear; animation-duration: 0.2s; overflow-wrap: break-word; color: rgb(102, 102, 102); font-family: Poppins, Helvetica, Arial, Lucida, sans-serif;\"><div class=\"et_pb_text_inner\" style=\"margin: 0px; padding: 0px; border: 0px; outline: 0px; text-size-adjust: 100%; vertical-align: baseline; background: transparent; position: relative;\"><p style=\"margin: 0px; padding: 0px 0px 1em; border: 0px; outline: 0px; text-size-adjust: 100%; vertical-align: baseline; background: transparent;\">\u2981 La alianza comienza con 10 tiendas Clarel ubicadas en la Comunidad de Madrid y la provincia de Barcelona con el objetivo de expandirse a m\u00e1s territorios en los pr\u00f3ximos meses.<\/p><p style=\"margin: 0px; padding: 0px 0px 1em; border: 0px; outline: 0px; text-size-adjust: 100%; vertical-align: baseline; background: transparent;\">\u2981 Los usuarios de Just Eat tendr\u00e1n acceso a m\u00e1s de 4.800 productos en Clarel, entre los que destacan art\u00edculos de su marca bont\u00e9, as\u00ed como una selecci\u00f3n de primeras marcas nacionales e internacionales en perfumer\u00eda, cosm\u00e9tica, productos para el hogar y cuidado personal, as\u00ed como mascotas.<\/p><p style=\"margin: 0px; padding: 0px; border: 0px; outline: 0px; text-size-adjust: 100%; vertical-align: baseline; background: transparent;\">\u2981 De este modo, Espa\u00f1a se convierte uno de los mercados pioneros d\u00f3nde Just Eat, plataforma presente en 20 pa\u00edses, apuesta por la apertura de una categor\u00eda de belleza y cuidado del hogar.<\/p><\/div><\/div><div class=\"et_pb_module et_pb_image et_pb_image_0\" style=\"margin: 0px auto 29.7px; padding: 0px; border: 0px; outline: 0px; font-size: 14px; text-size-adjust: 100%; vertical-align: baseline; background-image: initial; background-position: 50% center; background-size: cover; background-repeat: no-repeat; background-attachment: initial; background-origin: initial; background-clip: initial; position: relative; animation-timing-function: linear; animation-duration: 0.2s; line-height: 0; width: 518.4px; text-align: center; color: rgb(102, 102, 102); font-family: Poppins, Helvetica, Arial, Lucida, sans-serif;\"><span class=\"et_pb_image_wrap \" style=\"margin: 0px; padding: 0px; border: 0px; outline: 0px; text-size-adjust: 100%; vertical-align: baseline; background: transparent; display: inline-block; position: relative; max-width: 100%;\"><img fetchpriority=\"high\" width=\"2501\" height=\"1667\" decoding=\"async\" src=\"https:\/\/blog-clarel.imgix.net\/2024\/05\/clarel_justeat.png?auto=format%2Ccompress&amp;ixlib=php-3.3.0\" alt=\"\" title=\"\" srcset=\"https:\/\/blog-clarel.imgix.net\/2024\/05\/clarel_justeat.png?auto=format%2Ccompress&amp;ixlib=php-3.3.0&amp;w=2501 2501w, https:\/\/blog-clarel.imgix.net\/2024\/05\/clarel_justeat.png?auto=format%2Ccompress&amp;fit=crop&amp;h=200&amp;ixlib=php-3.3.0&amp;w=300 300w, https:\/\/blog-clarel.imgix.net\/2024\/05\/clarel_justeat.png?auto=format%2Ccompress&amp;fit=crop&amp;h=683&amp;ixlib=php-3.3.0&amp;w=1024 1024w, https:\/\/blog-clarel.imgix.net\/2024\/05\/clarel_justeat.png?auto=format%2Ccompress&amp;fit=crop&amp;h=512&amp;ixlib=php-3.3.0&amp;w=768 768w, https:\/\/blog-clarel.imgix.net\/2024\/05\/clarel_justeat.png?auto=format%2Ccompress&amp;fit=crop&amp;h=1024&amp;ixlib=php-3.3.0&amp;w=1536 1536w, https:\/\/blog-clarel.imgix.net\/2024\/05\/clarel_justeat.png?auto=format%2Ccompress&amp;fit=crop&amp;h=1365&amp;ixlib=php-3.3.0&amp;w=2048 2048w, https:\/\/blog-clarel.imgix.net\/2024\/05\/clarel_justeat.png?auto=format%2Ccompress&amp;fit=crop&amp;h=720&amp;ixlib=php-3.3.0&amp;w=1080 1080w, https:\/\/blog-clarel.imgix.net\/2024\/05\/clarel_justeat.png?auto=format%2Ccompress&amp;fit=crop&amp;h=853&amp;ixlib=php-3.3.0&amp;w=1280 1280w, https:\/\/blog-clarel.imgix.net\/2024\/05\/clarel_justeat.png?auto=format%2Ccompress&amp;fit=crop&amp;h=653&amp;ixlib=php-3.3.0&amp;w=980 980w, https:\/\/blog-clarel.imgix.net\/2024\/05\/clarel_justeat.png?auto=format%2Ccompress&amp;fit=crop&amp;h=320&amp;ixlib=php-3.3.0&amp;w=480 480w, https:\/\/blog-clarel.imgix.net\/2024\/05\/clarel_justeat.png?auto=format%2Ccompress&amp;fit=crop&amp;h=400&amp;ixlib=php-3.3.0&amp;w=600 600w\" sizes=\"(max-width: 2501px) 100vw, 2501px\" class=\"wp-image-8261\" data-recalc-dims=\"1\" style=\"margin: 0px; padding: 0px; border-width: 0px; border-style: initial; outline: 0px; text-size-adjust: 100%; vertical-align: baseline; background: transparent; position: relative;\"><\/span><\/div><div class=\"et_pb_module et_pb_text et_pb_text_3  et_pb_text_align_left et_pb_bg_layout_light\" style=\"margin: 0px 0px 29.7px; padding: 0px; border: 0px; outline: 0px; font-size: 14px; text-size-adjust: 100%; vertical-align: baseline; background-image: initial; background-position: 50% center; background-size: cover; background-repeat: no-repeat; background-attachment: initial; background-origin: initial; background-clip: initial; position: relative; animation-timing-function: linear; animation-duration: 0.2s; overflow-wrap: break-word; color: rgb(102, 102, 102); font-family: Poppins, Helvetica, Arial, Lucida, sans-serif;\"><div class=\"et_pb_text_inner\" style=\"margin: 0px; padding: 0px; border: 0px; outline: 0px; text-size-adjust: 100%; vertical-align: baseline; background: transparent; position: relative;\"><p style=\"margin: 0px; padding: 0px 0px 1em; border: 0px; outline: 0px; text-size-adjust: 100%; vertical-align: baseline; background: transparent;\">Just Eat, plataforma de reparto de comida a domicilio referencia en Espa\u00f1a, y Clarel, empresa l\u00edder en distribuci\u00f3n de productos de belleza, cuidado personal y hogar en Espa\u00f1a, han unido fuerzas para lanzar una nueva categor\u00eda categor\u00eda en la plataforma que sigue expandiendo sus servicios entrando en el terreno de productos de cuidado personal y del hogar.<\/p><p style=\"margin: 0px; padding: 0px 0px 1em; border: 0px; outline: 0px; text-size-adjust: 100%; vertical-align: baseline; background: transparent;\">La integraci\u00f3n de Clarel en la plataforma de Just Eat comienza con 10 tiendas ubicadas en la Comunidad de Madrid y la provincia de Barcelona, con planes de expansi\u00f3n en el medio plazo a otras regiones espa\u00f1olas. Los usuarios de la plataforma podr\u00e1n disfrutar de la misma experiencia ampliando los servicios actuales para responder a sus necesidades.<\/p><p style=\"margin: 0px; padding: 0px 0px 1em; border: 0px; outline: 0px; text-size-adjust: 100%; vertical-align: baseline; background: transparent;\">Ahora, adem\u00e1s de poder pedir comida a domicilio, hacer la compra o pedir productos de parafarmacia, los usuarios de Just Eat tambi\u00e9n pueden elegir entre los m\u00e1s de 4.800 productos cosm\u00e9ticos, de perfumer\u00eda, cuidado personal y limpieza del hogar, entre otros, de primeras marcas nacionales e internacionales, as\u00ed como las marcas de venta exclusiva en Clarel, NeSk, bont\u00e9, Hogarel y AS.<\/p><p style=\"margin: 0px; padding: 0px 0px 1em; border: 0px; outline: 0px; text-size-adjust: 100%; vertical-align: baseline; background: transparent;\">\u201cEsta es una alianza muy significativa para Just Eat que marca un antes y un despu\u00e9s en la visi\u00f3n de negocio. Nuestros usuarios pueden pedir sus comidas favoritas, hacer la compra de alimentos y parafarmacia desde la app, y desde esta semana tambi\u00e9n pueden disfrutar en pocos minutos de grandes marcas de belleza, cuidado personal y limpieza gracias a Clarel. Estoy convencido de que para nuestros usuarios poder acceder a la variedad de productos de Clarel con la facilidad de recibirlos en pocos minutos y con la seguridad de contar con un delivery responsable donde hay trazabilidad del protocolo, adem\u00e1s de seguridad de limpieza de las mochilas, es sin duda diferencial y facilitar\u00e1 su comodidad diaria.\u201d afirma \u00cd\u00f1igo Barea, Director General de Just Eat Espa\u00f1a.<\/p><p style=\"margin: 0px; padding: 0px 0px 1em; border: 0px; outline: 0px; text-size-adjust: 100%; vertical-align: baseline; background: transparent;\"><span style=\"margin: 0px; padding: 0px; border: 0px; outline: 0px; text-size-adjust: 100%; vertical-align: baseline; background: transparent; font-weight: 700;\">Tus productos Clarel a domicilio<\/span><br>\u201cTrabajamos para acercar el cuidado personal y del hogar, haciendo especial el bienestar y la belleza de lo cotidiano. Nuestros productos ayudan a los clientes a sentirse mejor consigo mismos, intentamos cada d\u00eda contribuir a la construcci\u00f3n de una sociedad m\u00e1s plena. La Cercan\u00eda y Proximidad son la esencia de Clarel y este acuerdo con Just Eat es un paso m\u00e1s, nos permite seguir acercando los productos desde las tiendas Clarel hasta los domicilios de todos los usuarios\u201d como afirma Jos\u00e9 Mar\u00eda Jim\u00e9nez, CEO de Clarel.<\/p><p style=\"margin: 0px; padding: 0px 0px 1em; border: 0px; outline: 0px; text-size-adjust: 100%; vertical-align: baseline; background: transparent;\">El acuerdo con Clarel a\u00f1ade la categor\u00eda de \u2018belleza\u2019 a la plataforma, sum\u00e1ndose a las otras categor\u00edas ya presentes en Just Eat como son \u2018restauraci\u00f3n\u2019, \u2018cesta de la compra\u2019, que cuenta ya con m\u00e1s de 3.200 establecimientos entre los que destacan la cadena de supermercados Dia y 17 mercados de abastos por toda Espa\u00f1a y \u2018parafarmacia\u2019 junto a LUDA Partners.<\/p><p style=\"margin: 0px; padding: 0px; border: 0px; outline: 0px; text-size-adjust: 100%; vertical-align: baseline; background: transparent;\">Una de las principales ventajas de la incorporaci\u00f3n de esta nueva categor\u00eda a la plataforma es el impulso del comercio de cadenas reconocidas, facilitando la comodidad diaria de los clientes.<\/p><\/div><\/div><div class=\"et_pb_module et_pb_text et_pb_text_4  et_pb_text_align_left et_pb_bg_layout_light\" style=\"margin: 0px; padding: 0px; border: 0px; outline: 0px; font-size: 14px; text-size-adjust: 100%; vertical-align: baseline; background-image: initial; background-position: 50% center; background-size: cover; background-repeat: no-repeat; background-attachment: initial; background-origin: initial; background-clip: initial; position: relative; animation-timing-function: linear; animation-duration: 0.2s; overflow-wrap: break-word; color: rgb(102, 102, 102); font-family: Poppins, Helvetica, Arial, Lucida, sans-serif;\"><div class=\"et_pb_text_inner\" style=\"margin: 0px; padding: 0px; border: 0px; outline: 0px; text-size-adjust: 100%; vertical-align: baseline; background: transparent; position: relative;\"><p style=\"margin: 0px; padding: 0px 0px 1em; border: 0px; outline: 0px; text-size-adjust: 100%; vertical-align: baseline; background: transparent;\"><span style=\"margin: 0px; padding: 0px; border: 0px; outline: 0px; text-size-adjust: 100%; vertical-align: baseline; background: transparent; text-decoration-line: underline;\"><span style=\"margin: 0px; padding: 0px; border: 0px; outline: 0px; text-size-adjust: 100%; vertical-align: baseline; background: transparent; font-weight: 700;\">Sobre Clarel<\/span><\/span><br>Clarel, es un retail especializado en belleza, cuidado personal y del hogar. Con m\u00e1s de 11 a\u00f1os en el mercado, Clarel ofrece una amplia gama de productos que incluyen cosm\u00e9ticos, productos de higiene personal, y soluciones de cuidado para el hogar, as\u00ed como sus marcas exclusivas, entre ellas: bont\u00e9, NeSk, Hogarel y AS. Con una red de 1000 tiendas en Espa\u00f1a, Clarel se dedica a acercar el cuidado personal y del hogar, haciendo especial el bienestar y la belleza de lo cotidiano.<\/p><p style=\"margin: 0px; padding: 0px; border: 0px; outline: 0px; text-size-adjust: 100%; vertical-align: baseline; background: transparent;\">Para m\u00e1s informaci\u00f3n, consultar la p\u00e1gina web de la compa\u00f1\u00eda&nbsp;<a href=\"https:\/\/www.clarel.es\/es\/\" target=\"_blank\" rel=\"noopener\" style=\"margin: 0px; padding: 0px; border: 0px; outline: 0px; text-size-adjust: 100%; vertical-align: baseline; background-image: initial; background-position: initial; background-size: initial; background-repeat: initial; background-attachment: initial; background-origin: initial; background-clip: initial; color: rgb(237, 176, 89);\">www.clarel.es<\/a>&nbsp;y redes sociales&nbsp;<a href=\"https:\/\/www.linkedin.com\/company\/clarel-es\/mycompany\/verification\/\" target=\"_blank\" rel=\"noopener\" style=\"margin: 0px; padding: 0px; border: 0px; outline: 0px; text-size-adjust: 100%; vertical-align: baseline; background-image: initial; background-position: initial; background-size: initial; background-repeat: initial; background-attachment: initial; background-origin: initial; background-clip: initial; color: rgb(237, 176, 89);\">Linkedin<\/a><\/p><\/div><\/div>\t\t\t\t\t\t\t\t<\/div>\n\t\t\t\t<\/div>\n\t\t\t\t\t<\/div>\n\t\t\t\t<\/div>\n\t\t\t\t<\/div>\n\t\t","protected":false},"excerpt":{"rendered":"<p>Just Eat y Clarel sellan un acuerdo estrat\u00e9gico para abrir una nueva categor\u00eda con productos de cuidado personal, belleza y hogar. Madrid, 7 de febrero de 2024 \u2981 La alianza comienza con 10 tiendas Clarel ubicadas en la Comunidad de Madrid y la provincia de Barcelona con el objetivo de expandirse a m\u00e1s territorios en [&hellip;]<\/p>\n","protected":false},"author":5,"featured_media":0,"parent":0,"menu_order":0,"comment_status":"closed","ping_status":"closed","template":"","meta":{"footnotes":""},"class_list":["post-8258","page","type-page","status-publish","hentry"],"yoast_head":"<!-- This site is optimized with the Yoast SEO plugin v25.4 - https:\/\/yoast.com\/wordpress\/plugins\/seo\/ -->\n<title>Just Eat y Clarel sellan un acuerdo estrat\u00e9gico para abrir una nueva categor\u00eda con productos de cuidado personal, belleza y hogar - Clarel<\/title>\n<meta name=\"description\" content=\"La alianza comienza con 10 tiendas Clarel ubicadas en la Comunidad de Madrid y la provincia de Barcelona con el objetivo de expandirse.\" \/>\n<meta name=\"robots\" content=\"index, follow, max-snippet:-1, max-image-preview:large, max-video-preview:-1\" \/>\n<link rel=\"canonical\" href=\"https:\/\/www.clarel.es\/blog\/clarel-just-eat-acuerdo\/\" \/>\n<meta property=\"og:locale\" content=\"es_ES\" \/>\n<meta property=\"og:type\" content=\"article\" \/>\n<meta property=\"og:title\" content=\"Just Eat y Clarel sellan un acuerdo estrat\u00e9gico para abrir una nueva categor\u00eda con productos de cuidado personal, belleza y hogar - Clarel\" \/>\n<meta property=\"og:description\" content=\"La alianza comienza con 10 tiendas Clarel ubicadas en la Comunidad de Madrid y la provincia de Barcelona con el objetivo de expandirse.\" \/>\n<meta property=\"og:url\" content=\"https:\/\/www.clarel.es\/blog\/clarel-just-eat-acuerdo\/\" \/>\n<meta property=\"og:site_name\" content=\"Clarel\" \/>\n<meta property=\"article:modified_time\" content=\"2025-09-23T11:59:28+00:00\" \/>\n<meta property=\"og:image\" content=\"https:\/\/blog-clarel.imgix.net\/2024\/05\/clarel_justeat.png?auto=format%2Ccompress&amp;ixlib=php-3.3.0\" \/>\n<meta name=\"twitter:card\" content=\"summary_large_image\" \/>\n<script type=\"application\/ld+json\" class=\"yoast-schema-graph\">{\"@context\":\"https:\/\/schema.org\",\"@graph\":[{\"@type\":\"WebPage\",\"@id\":\"https:\/\/www.clarel.es\/blog\/clarel-just-eat-acuerdo\/\",\"url\":\"https:\/\/www.clarel.es\/blog\/clarel-just-eat-acuerdo\/\",\"name\":\"Just Eat y Clarel sellan un acuerdo estrat\u00e9gico para abrir una nueva categor\u00eda con productos de cuidado personal, belleza y hogar - Clarel\",\"isPartOf\":{\"@id\":\"https:\/\/www.clarel.es\/blog\/#website\"},\"primaryImageOfPage\":{\"@id\":\"https:\/\/www.clarel.es\/blog\/clarel-just-eat-acuerdo\/#primaryimage\"},\"image\":{\"@id\":\"https:\/\/www.clarel.es\/blog\/clarel-just-eat-acuerdo\/#primaryimage\"},\"thumbnailUrl\":\"https:\/\/blog-clarel.imgix.net\/2024\/05\/clarel_justeat.png?auto=format%2Ccompress&amp;ixlib=php-3.3.0\",\"datePublished\":\"2024-05-16T08:41:56+00:00\",\"dateModified\":\"2025-09-23T11:59:28+00:00\",\"description\":\"La alianza comienza con 10 tiendas Clarel ubicadas en la Comunidad de Madrid y la provincia de Barcelona con el objetivo de expandirse.\",\"breadcrumb\":{\"@id\":\"https:\/\/www.clarel.es\/blog\/clarel-just-eat-acuerdo\/#breadcrumb\"},\"inLanguage\":\"es\",\"potentialAction\":[{\"@type\":\"ReadAction\",\"target\":[\"https:\/\/www.clarel.es\/blog\/clarel-just-eat-acuerdo\/\"]}]},{\"@type\":\"ImageObject\",\"inLanguage\":\"es\",\"@id\":\"https:\/\/www.clarel.es\/blog\/clarel-just-eat-acuerdo\/#primaryimage\",\"url\":\"https:\/\/blog-clarel.imgix.net\/2024\/05\/clarel_justeat.png?auto=format%2Ccompress&amp;ixlib=php-3.3.0\",\"contentUrl\":\"https:\/\/blog-clarel.imgix.net\/2024\/05\/clarel_justeat.png?auto=format%2Ccompress&amp;ixlib=php-3.3.0\"},{\"@type\":\"BreadcrumbList\",\"@id\":\"https:\/\/www.clarel.es\/blog\/clarel-just-eat-acuerdo\/#breadcrumb\",\"itemListElement\":[{\"@type\":\"ListItem\",\"position\":1,\"name\":\"Portada\",\"item\":\"https:\/\/www.clarel.es\/blog\/\"},{\"@type\":\"ListItem\",\"position\":2,\"name\":\"Just Eat y Clarel sellan un acuerdo estrat\u00e9gico para abrir una nueva categor\u00eda con productos de cuidado personal, belleza y hogar\"}]},{\"@type\":\"WebSite\",\"@id\":\"https:\/\/www.clarel.es\/blog\/#website\",\"url\":\"https:\/\/www.clarel.es\/blog\/\",\"name\":\"Clarel\",\"description\":\"Tienda Online de perfumeria, cosmetica, maquillaje y hogar.\",\"publisher\":{\"@id\":\"https:\/\/www.clarel.es\/blog\/#organization\"},\"potentialAction\":[{\"@type\":\"SearchAction\",\"target\":{\"@type\":\"EntryPoint\",\"urlTemplate\":\"https:\/\/www.clarel.es\/blog\/?s={search_term_string}\"},\"query-input\":{\"@type\":\"PropertyValueSpecification\",\"valueRequired\":true,\"valueName\":\"search_term_string\"}}],\"inLanguage\":\"es\"},{\"@type\":\"Organization\",\"@id\":\"https:\/\/www.clarel.es\/blog\/#organization\",\"name\":\"Clarel\",\"url\":\"https:\/\/www.clarel.es\/blog\/\",\"logo\":{\"@type\":\"ImageObject\",\"inLanguage\":\"es\",\"@id\":\"https:\/\/www.clarel.es\/blog\/#\/schema\/logo\/image\/\",\"url\":\"https:\/\/clarel-test.ezenit.link\/blog\/wp-content\/uploads\/2022\/08\/logo_clarel.png\",\"contentUrl\":\"https:\/\/clarel-test.ezenit.link\/blog\/wp-content\/uploads\/2022\/08\/logo_clarel.png\",\"width\":432,\"height\":101,\"caption\":\"Clarel\"},\"image\":{\"@id\":\"https:\/\/www.clarel.es\/blog\/#\/schema\/logo\/image\/\"}}]}<\/script>\n<!-- \/ Yoast SEO plugin. -->","yoast_head_json":{"title":"Just Eat y Clarel sellan un acuerdo estrat\u00e9gico para abrir una nueva categor\u00eda con productos de cuidado personal, belleza y hogar - Clarel","description":"La alianza comienza con 10 tiendas Clarel ubicadas en la Comunidad de Madrid y la provincia de Barcelona con el objetivo de expandirse.","robots":{"index":"index","follow":"follow","max-snippet":"max-snippet:-1","max-image-preview":"max-image-preview:large","max-video-preview":"max-video-preview:-1"},"canonical":"https:\/\/www.clarel.es\/blog\/clarel-just-eat-acuerdo\/","og_locale":"es_ES","og_type":"article","og_title":"Just Eat y Clarel sellan un acuerdo estrat\u00e9gico para abrir una nueva categor\u00eda con productos de cuidado personal, belleza y hogar - Clarel","og_description":"La alianza comienza con 10 tiendas Clarel ubicadas en la Comunidad de Madrid y la provincia de Barcelona con el objetivo de expandirse.","og_url":"https:\/\/www.clarel.es\/blog\/clarel-just-eat-acuerdo\/","og_site_name":"Clarel","article_modified_time":"2025-09-23T11:59:28+00:00","og_image":[{"url":"https:\/\/blog-clarel.imgix.net\/2024\/05\/clarel_justeat.png?auto=format%2Ccompress&amp;ixlib=php-3.3.0","type":"","width":"","height":""}],"twitter_card":"summary_large_image","schema":{"@context":"https:\/\/schema.org","@graph":[{"@type":"WebPage","@id":"https:\/\/www.clarel.es\/blog\/clarel-just-eat-acuerdo\/","url":"https:\/\/www.clarel.es\/blog\/clarel-just-eat-acuerdo\/","name":"Just Eat y Clarel sellan un acuerdo estrat\u00e9gico para abrir una nueva categor\u00eda con productos de cuidado personal, belleza y hogar - Clarel","isPartOf":{"@id":"https:\/\/www.clarel.es\/blog\/#website"},"primaryImageOfPage":{"@id":"https:\/\/www.clarel.es\/blog\/clarel-just-eat-acuerdo\/#primaryimage"},"image":{"@id":"https:\/\/www.clarel.es\/blog\/clarel-just-eat-acuerdo\/#primaryimage"},"thumbnailUrl":"https:\/\/blog-clarel.imgix.net\/2024\/05\/clarel_justeat.png?auto=format%2Ccompress&amp;ixlib=php-3.3.0","datePublished":"2024-05-16T08:41:56+00:00","dateModified":"2025-09-23T11:59:28+00:00","description":"La alianza comienza con 10 tiendas Clarel ubicadas en la Comunidad de Madrid y la provincia de Barcelona con el objetivo de expandirse.","breadcrumb":{"@id":"https:\/\/www.clarel.es\/blog\/clarel-just-eat-acuerdo\/#breadcrumb"},"inLanguage":"es","potentialAction":[{"@type":"ReadAction","target":["https:\/\/www.clarel.es\/blog\/clarel-just-eat-acuerdo\/"]}]},{"@type":"ImageObject","inLanguage":"es","@id":"https:\/\/www.clarel.es\/blog\/clarel-just-eat-acuerdo\/#primaryimage","url":"https:\/\/blog-clarel.imgix.net\/2024\/05\/clarel_justeat.png?auto=format%2Ccompress&amp;ixlib=php-3.3.0","contentUrl":"https:\/\/blog-clarel.imgix.net\/2024\/05\/clarel_justeat.png?auto=format%2Ccompress&amp;ixlib=php-3.3.0"},{"@type":"BreadcrumbList","@id":"https:\/\/www.clarel.es\/blog\/clarel-just-eat-acuerdo\/#breadcrumb","itemListElement":[{"@type":"ListItem","position":1,"name":"Portada","item":"https:\/\/www.clarel.es\/blog\/"},{"@type":"ListItem","position":2,"name":"Just Eat y Clarel sellan un acuerdo estrat\u00e9gico para abrir una nueva categor\u00eda con productos de cuidado personal, belleza y hogar"}]},{"@type":"WebSite","@id":"https:\/\/www.clarel.es\/blog\/#website","url":"https:\/\/www.clarel.es\/blog\/","name":"Clarel","description":"Tienda Online de perfumeria, cosmetica, maquillaje y hogar.","publisher":{"@id":"https:\/\/www.clarel.es\/blog\/#organization"},"potentialAction":[{"@type":"SearchAction","target":{"@type":"EntryPoint","urlTemplate":"https:\/\/www.clarel.es\/blog\/?s={search_term_string}"},"query-input":{"@type":"PropertyValueSpecification","valueRequired":true,"valueName":"search_term_string"}}],"inLanguage":"es"},{"@type":"Organization","@id":"https:\/\/www.clarel.es\/blog\/#organization","name":"Clarel","url":"https:\/\/www.clarel.es\/blog\/","logo":{"@type":"ImageObject","inLanguage":"es","@id":"https:\/\/www.clarel.es\/blog\/#\/schema\/logo\/image\/","url":"https:\/\/clarel-test.ezenit.link\/blog\/wp-content\/uploads\/2022\/08\/logo_clarel.png","contentUrl":"https:\/\/clarel-test.ezenit.link\/blog\/wp-content\/uploads\/2022\/08\/logo_clarel.png","width":432,"height":101,"caption":"Clarel"},"image":{"@id":"https:\/\/www.clarel.es\/blog\/#\/schema\/logo\/image\/"}}]}},"_links":{"self":[{"href":"https:\/\/www.clarel.es\/blog\/wp-json\/wp\/v2\/pages\/8258","targetHints":{"allow":["GET"]}}],"collection":[{"href":"https:\/\/www.clarel.es\/blog\/wp-json\/wp\/v2\/pages"}],"about":[{"href":"https:\/\/www.clarel.es\/blog\/wp-json\/wp\/v2\/types\/page"}],"author":[{"embeddable":true,"href":"https:\/\/www.clarel.es\/blog\/wp-json\/wp\/v2\/users\/5"}],"replies":[{"embeddable":true,"href":"https:\/\/www.clarel.es\/blog\/wp-json\/wp\/v2\/comments?post=8258"}],"version-history":[{"count":8,"href":"https:\/\/www.clarel.es\/blog\/wp-json\/wp\/v2\/pages\/8258\/revisions"}],"predecessor-version":[{"id":15540,"href":"https:\/\/www.clarel.es\/blog\/wp-json\/wp\/v2\/pages\/8258\/revisions\/15540"}],"wp:attachment":[{"href":"https:\/\/www.clarel.es\/blog\/wp-json\/wp\/v2\/media?parent=8258"}],"curies":[{"name":"wp","href":"https:\/\/api.w.org\/{rel}","templated":true}]}}