{"id":4739,"date":"2023-04-03T15:37:58","date_gmt":"2023-04-03T15:37:58","guid":{"rendered":"https:\/\/www.clarel.es\/blog\/?page_id=4739"},"modified":"2026-01-12T08:13:49","modified_gmt":"2026-01-12T08:13:49","slug":"quienes-somos","status":"publish","type":"page","link":"https:\/\/www.clarel.es\/blog\/quienes-somos\/","title":{"rendered":"Quienes somos"},"content":{"rendered":"\t\t<div data-elementor-type=\"wp-page\" data-elementor-id=\"4739\" class=\"elementor elementor-4739\" data-elementor-post-type=\"page\">\n\t\t\t\t<div class=\"elementor-element elementor-element-53027c07 e-con-full e-flex e-con e-parent\" data-id=\"53027c07\" data-element_type=\"container\">\n\t\t\t\t<div class=\"elementor-element elementor-element-0786c02 elementor-hidden-tablet elementor-hidden-mobile elementor-widget elementor-widget-image\" data-id=\"0786c02\" data-element_type=\"widget\" data-widget_type=\"image.default\">\n\t\t\t\t<div class=\"elementor-widget-container\">\n\t\t\t\t\t\t\t\t\t\t\t\t\t\t\t<img decoding=\"async\" src=\"https:\/\/blog-clarel.imgix.net\/2025\/07\/header_qs_25-scaled.jpg?auto=format%2Ccompress&amp;fit=crop&amp;h=541&amp;ixlib=php-3.3.0&amp;w=2048\" title=\"\" alt=\"\" loading=\"lazy\" \/>\t\t\t\t\t\t\t\t\t\t\t\t\t\t\t<\/div>\n\t\t\t\t<\/div>\n\t\t\t\t<div class=\"elementor-element elementor-element-cab5fef elementor-hidden-desktop elementor-widget__width-inherit elementor-widget elementor-widget-image\" data-id=\"cab5fef\" data-element_type=\"widget\" data-widget_type=\"image.default\">\n\t\t\t\t<div class=\"elementor-widget-container\">\n\t\t\t\t\t\t\t\t\t\t\t\t\t\t\t<img decoding=\"async\" src=\"https:\/\/blog-clarel.imgix.net\/2025\/07\/header_qs_25_mo.png?auto=format%2Ccompress&amp;fit=crop&amp;h=376&amp;ixlib=php-3.3.0&amp;w=980\" title=\"\" alt=\"\" loading=\"lazy\" \/>\t\t\t\t\t\t\t\t\t\t\t\t\t\t\t<\/div>\n\t\t\t\t<\/div>\n\t\t\t\t<\/div>\n\t\t<div class=\"elementor-element elementor-element-485bcb7 e-flex e-con-boxed e-con e-parent\" data-id=\"485bcb7\" data-element_type=\"container\">\n\t\t\t\t\t<div class=\"e-con-inner\">\n\t\t<div class=\"elementor-element elementor-element-434bf81 e-con-full e-flex e-con e-child\" data-id=\"434bf81\" data-element_type=\"container\">\n\t\t\t\t<div class=\"elementor-element elementor-element-e5a902b elementor-widget elementor-widget-image\" data-id=\"e5a902b\" data-element_type=\"widget\" data-widget_type=\"image.default\">\n\t\t\t\t<div class=\"elementor-widget-container\">\n\t\t\t\t\t\t\t\t\t\t\t\t\t\t\t<img decoding=\"async\" src=\"https:\/\/blog-clarel.imgix.net\/2025\/07\/logo_clarel_qs_pc.png?auto=format%2Ccompress&amp;fit=crop&amp;h=120&amp;ixlib=php-3.3.0&amp;w=2048\" title=\"\" alt=\"\" loading=\"lazy\" \/>\t\t\t\t\t\t\t\t\t\t\t\t\t\t\t<\/div>\n\t\t\t\t<\/div>\n\t\t\t\t<\/div>\n\t\t\t\t<div class=\"elementor-element elementor-element-bf12963 elementor-widget elementor-widget-text-editor\" data-id=\"bf12963\" data-element_type=\"widget\" data-widget_type=\"text-editor.default\">\n\t\t\t\t<div class=\"elementor-widget-container\">\n\t\t\t\t\t\t\t\t\t<p style=\"text-align: left;\">La historia de Clarel es la historia de un equipo experto, que busca, desde hace m\u00e1s de 13 a\u00f1os, acercar el cuidado personal y del hogar, haciendo especial el bienestar y la belleza de lo cotidiano.<br \/><br \/>Para ello, m\u00e1s de 3,000 personas nos dedicamos, d\u00eda tras d\u00eda, a cumplir este prop\u00f3sito. Nuestra presencia se extiende a trav\u00e9s de cerca de 1,000 puntos de venta ubicados en toda Espa\u00f1a, adem\u00e1s de nuestra tienda online, <a href=\"http:\/\/Clarel.es\" target=\"_blank\" rel=\"noopener nofollow noreferrer\">Clarel.es<\/a>.<br \/><br \/>\u00bfPero qu\u00e9 es realmente Clarel? Somos un equipo cercano, confiable y comprometido; que nos esforzamos d\u00eda tras d\u00eda en ayudar a nuestros clientes a sentirse mejor consigo mismos, a ganar confianza, o simplemente a poner soluci\u00f3n a una necesidad b\u00e1sica cotidiana.<br \/><br \/>Te invitamos a unirte a este proyecto y formar parte de nuestra historia.<\/p>\t\t\t\t\t\t\t\t<\/div>\n\t\t\t\t<\/div>\n\t\t\t\t\t<\/div>\n\t\t\t\t<\/div>\n\t\t<div class=\"elementor-element elementor-element-6add0e5 e-flex e-con-boxed e-con e-parent\" data-id=\"6add0e5\" data-element_type=\"container\">\n\t\t\t\t\t<div class=\"e-con-inner\">\n\t\t<div class=\"elementor-element elementor-element-2c456ee e-con-full e-flex e-con e-child\" data-id=\"2c456ee\" data-element_type=\"container\">\n\t\t\t\t<div class=\"elementor-element elementor-element-d6542f3 elementor-widget elementor-widget-text-editor\" data-id=\"d6542f3\" data-element_type=\"widget\" data-widget_type=\"text-editor.default\">\n\t\t\t\t<div class=\"elementor-widget-container\">\n\t\t\t\t\t\t\t\t\t<div style=\"font-family: 'Poppins', sans-serif;font-size: 17px;line-height: 1.6;color: #2d2d2d\">\n<h2 style=\"font-family: 'Gelica', serif;color: #f37b30;font-weight: 600;font-size: 24px\">\u00bfQui\u00e9nes somos?<\/h2>\nClarel es especialista en <strong>belleza<\/strong>, <strong>cuidado personal<\/strong> y <strong>bienestar<\/strong> de cada d\u00eda.\n\nSomos esa compa\u00f1era amiga experta que te ayuda a cuidarte mejor todos los d\u00edas, para descubrirte lo m\u00e1s importante, <strong>ser t\u00fa mismo<\/strong>.\n\nSomos la respuesta especializada y cercana que cualquiera puede encontrar siempre que lo necesite.\n\nHacemos especial lo que consideras cotidiano, porque creemos en la verdadera belleza de las rutinas, esas que te hacen sentir bien, porque cada d\u00eda puede ser maravilloso y sus rutinas tambi\u00e9n.\n<p style=\"color: #f37b30;font-weight: 600\">#BenditaRutina<\/p>\n\n<\/div>\t\t\t\t\t\t\t\t<\/div>\n\t\t\t\t<\/div>\n\t\t\t\t<\/div>\n\t\t<div class=\"elementor-element elementor-element-6afbb85 e-con-full e-flex e-con e-child\" data-id=\"6afbb85\" data-element_type=\"container\">\n\t\t\t\t<div class=\"elementor-element elementor-element-6e91f68 elementor-widget elementor-widget-image\" data-id=\"6e91f68\" data-element_type=\"widget\" data-widget_type=\"image.default\">\n\t\t\t\t<div class=\"elementor-widget-container\">\n\t\t\t\t\t\t\t\t\t\t\t\t\t\t\t<img decoding=\"async\" src=\"https:\/\/blog-clarel.imgix.net\/2023\/07\/bendita_rutina_02.jpg?auto=format%2Ccompress&amp;ixlib=php-3.3.0&amp;w=900\" title=\"\" alt=\"\" loading=\"lazy\" \/>\t\t\t\t\t\t\t\t\t\t\t\t\t\t\t<\/div>\n\t\t\t\t<\/div>\n\t\t\t\t<\/div>\n\t\t\t\t\t<\/div>\n\t\t\t\t<\/div>\n\t\t<div class=\"elementor-element elementor-element-48e7f18 e-flex e-con-boxed e-con e-parent\" data-id=\"48e7f18\" data-element_type=\"container\">\n\t\t\t\t\t<div class=\"e-con-inner\">\n\t\t<div class=\"elementor-element elementor-element-5689e2b e-grid e-con-full e-con e-child\" data-id=\"5689e2b\" data-element_type=\"container\">\n\t\t\t\t<div class=\"elementor-element elementor-element-425cad8 elementor-widget elementor-widget-image\" data-id=\"425cad8\" data-element_type=\"widget\" data-widget_type=\"image.default\">\n\t\t\t\t<div class=\"elementor-widget-container\">\n\t\t\t\t\t\t\t\t\t\t\t\t\t\t\t<img decoding=\"async\" src=\"https:\/\/blog-clarel.imgix.net\/2022\/10\/pruebas_producto_clarel_senses.jpg?auto=format%2Ccompress&amp;ixlib=php-3.3.0&amp;w=1000\" title=\"\" alt=\"\" loading=\"lazy\" \/>\t\t\t\t\t\t\t\t\t\t\t\t\t\t\t<\/div>\n\t\t\t\t<\/div>\n\t\t\t\t<div class=\"elementor-element elementor-element-ee2f4ec elementor-widget elementor-widget-text-editor\" data-id=\"ee2f4ec\" data-element_type=\"widget\" data-widget_type=\"text-editor.default\">\n\t\t\t\t<div class=\"elementor-widget-container\">\n\t\t\t\t\t\t\t\t\t<div style=\"font-family: 'Poppins', sans-serif;font-size: 16px;line-height: 1.6;color: #2d2d2d\"><h2 style=\"font-family: 'Gelica', serif;color: #f37b30;font-weight: 600;font-size: 24px\">\u00bfQu\u00e9 queremos?<\/h2><p>Queremos que encuentres cada d\u00eda esos momentos que te hacen sentir bien. Sin importar si es lunes o es s\u00e1bado.<\/p><p>Porque lo verdaderamente bonito de la vida puede encontrarse en las peque\u00f1as rutinas, te mostramos c\u00f3mo cultivar la belleza de lo cotidiano para tener la oportunidad de disfrutar de un momento agradable cada d\u00eda.<\/p><p>Estamos aqu\u00ed, ahora y siempre contigo, ofreciendo lo mejor de nosotros.<\/p><p>Creemos en la belleza de un hogar perfectamente imperfecto. En una piel que habla del paso del tiempo. En cuidarse m\u00e1s para quererse mejor.<\/p><p>Creemos en el poder de esos peque\u00f1os rituales de cuidado, en esas peque\u00f1as rutinas capaces de darle un nuevo significado a tu d\u00eda.<\/p><\/div>\t\t\t\t\t\t\t\t<\/div>\n\t\t\t\t<\/div>\n\t\t\t\t<\/div>\n\t\t\t\t\t<\/div>\n\t\t\t\t<\/div>\n\t\t<div class=\"elementor-element elementor-element-af3c742 e-flex e-con-boxed e-con e-parent\" data-id=\"af3c742\" data-element_type=\"container\">\n\t\t\t\t\t<div class=\"e-con-inner\">\n\t\t\t\t<div class=\"elementor-element elementor-element-95d4816 elementor-widget elementor-widget-text-editor\" data-id=\"95d4816\" data-element_type=\"widget\" data-widget_type=\"text-editor.default\">\n\t\t\t\t<div class=\"elementor-widget-container\">\n\t\t\t\t\t\t\t\t\t<div class=\"et_pb_module et_pb_text et_pb_text_2 et_pb_text_align_left et_pb_bg_layout_light\" style=\"margin: 0px;padding: 0px;border: 0px;font-size: 14px;vertical-align: baseline;background: 50% center \/ cover no-repeat #ffffff;position: relative;font-family: Poppins, Helvetica, Arial, Lucida, sans-serif;text-align: left;color: #666666;font-style: normal;font-weight: 500;letter-spacing: normal;text-indent: 0px;text-transform: none\"><div class=\"et_pb_text_inner\" style=\"margin: 0px;padding: 0px;border: 0px;font-size: 14px;vertical-align: baseline;background: transparent;position: relative\"><span style=\"background-color: transparent;color: #ef7a50;font-family: 'Gelica Light', Helvetica, Arial, Lucida, sans-serif;font-size: 26px;font-weight: 600;text-align: justify\">Prop\u00f3sito | \u00bfQu\u00e9 y para qu\u00e9 trabajamos?<\/span><\/div><\/div>\t\t\t\t\t\t\t\t<\/div>\n\t\t\t\t<\/div>\n\t\t\t\t<div class=\"elementor-element elementor-element-5617a1e elementor-widget elementor-widget-text-editor\" data-id=\"5617a1e\" data-element_type=\"widget\" data-widget_type=\"text-editor.default\">\n\t\t\t\t<div class=\"elementor-widget-container\">\n\t\t\t\t\t\t\t\t\t<div class=\"et_pb_module et_pb_text et_pb_text_2 et_pb_text_align_left et_pb_bg_layout_light\" style=\"margin: 0px;padding: 0px;border: 0px;font-size: 14px;vertical-align: baseline;background: 50% center \/ cover no-repeat #ffffff;position: relative;font-family: Poppins, Helvetica, Arial, Lucida, sans-serif;text-align: left;color: #666666;font-style: normal;font-weight: 500;letter-spacing: normal;text-indent: 0px;text-transform: none\"><div class=\"et_pb_text_inner\" style=\"margin: 0px;padding: 0px;border: 0px;font-size: 14px;vertical-align: baseline;background: transparent;position: relative\"><span style=\"background-color: transparent;color: #800000;font-family: 'Gelica Light', Helvetica, Arial, Lucida, sans-serif;font-size: 21px;font-weight: bold;text-align: justify\">Trabajamos para acercar el cuidado personal y del hogar, haciendo especial el bienestar y la belleza de lo cotidiano.<\/span><\/div><\/div>\t\t\t\t\t\t\t\t<\/div>\n\t\t\t\t<\/div>\n\t\t\t\t<div class=\"elementor-element elementor-element-3272dde elementor-widget elementor-widget-text-editor\" data-id=\"3272dde\" data-element_type=\"widget\" data-widget_type=\"text-editor.default\">\n\t\t\t\t<div class=\"elementor-widget-container\">\n\t\t\t\t\t\t\t\t\t<p>Nuestros productos ayudan a nuestros clientes a sentirse mejor consigo mismos. A ganar autoestima o simplemente a poner soluci\u00f3n a una necesidad b\u00e1sica cotidiana.<\/p><p>Por ello, como organizaci\u00f3n nos esforzamos en contribuir a la construcci\u00f3n de una sociedad m\u00e1s feliz, m\u00e1s sana y m\u00e1s plena. Esta es nuestra misi\u00f3n, aportar belleza y bienestar en cada momento, haciendo que cada d\u00eda cuente.<\/p>\t\t\t\t\t\t\t\t<\/div>\n\t\t\t\t<\/div>\n\t\t\t\t<div class=\"elementor-element elementor-element-1723bcb elementor-widget elementor-widget-text-editor\" data-id=\"1723bcb\" data-element_type=\"widget\" data-widget_type=\"text-editor.default\">\n\t\t\t\t<div class=\"elementor-widget-container\">\n\t\t\t\t\t\t\t\t\t<div class=\"et_pb_module et_pb_text et_pb_text_2 et_pb_text_align_left et_pb_bg_layout_light\" style=\"margin: 0px;padding: 0px;border: 0px;font-size: 14px;vertical-align: baseline;background: 50% center \/ cover no-repeat #ffffff;position: relative;font-family: Poppins, Helvetica, Arial, Lucida, sans-serif;text-align: left;color: #666666;font-style: normal;font-weight: 500;letter-spacing: normal;text-indent: 0px;text-transform: none\"><div class=\"et_pb_text_inner\" style=\"margin: 0px;padding: 0px;border: 0px;font-size: 14px;vertical-align: baseline;background: transparent;position: relative\"><h2 style=\"margin: 0px;padding: 0px 0px 10px;border: 0px;font-size: 26px;vertical-align: baseline;background-image: initial;background-position: initial;background-size: initial;background-repeat: initial;background-attachment: initial;line-height: 1em;font-weight: 600;font-family: 'Gelica Light', Helvetica, Arial, Lucida, sans-serif;text-align: justify;color: #ef7a50 !important\"><span style=\"margin: 0px;padding: 0px;border: 0px;vertical-align: baseline;background: transparent\">Conoce nuestros valores<\/span><\/h2><\/div><\/div>\t\t\t\t\t\t\t\t<\/div>\n\t\t\t\t<\/div>\n\t\t\t\t<div class=\"elementor-element elementor-element-403aa8f elementor-widget elementor-widget-text-editor\" data-id=\"403aa8f\" data-element_type=\"widget\" data-widget_type=\"text-editor.default\">\n\t\t\t\t<div class=\"elementor-widget-container\">\n\t\t\t\t\t\t\t\t\t<p>Somos \u00fanicos en muchos sentidos\u2026 Son nuestros valores los que nos diferencian del resto de organizaciones, representan nuestra \u00e9tica de trabajo y nuestro sello de garant\u00eda. Fiel reflejo de ellos son nuestros comportamientos diarios en las tiendas, almacenes y oficinas:<\/p>\t\t\t\t\t\t\t\t<\/div>\n\t\t\t\t<\/div>\n\t\t\t\t\t<\/div>\n\t\t\t\t<\/div>\n\t\t<div class=\"elementor-element elementor-element-b1e3bc0 e-grid e-con-boxed e-con e-parent\" data-id=\"b1e3bc0\" data-element_type=\"container\">\n\t\t\t\t\t<div class=\"e-con-inner\">\n\t\t\t\t<div class=\"elementor-element elementor-element-06d36b0 elementor-widget elementor-widget-image\" data-id=\"06d36b0\" data-element_type=\"widget\" data-widget_type=\"image.default\">\n\t\t\t\t<div class=\"elementor-widget-container\">\n\t\t\t\t\t\t\t\t\t\t\t\t\t\t\t<img decoding=\"async\" src=\"https:\/\/blog-clarel.imgix.net\/2024\/04\/BLOG-SERVICIOS.png?auto=format%2Ccompress&amp;ixlib=php-3.3.0&amp;w=1300\" title=\"\" alt=\"\" loading=\"lazy\" \/>\t\t\t\t\t\t\t\t\t\t\t\t\t\t\t<\/div>\n\t\t\t\t<\/div>\n\t\t\t\t\t<\/div>\n\t\t\t\t<\/div>\n\t\t\t\t<\/div>\n\t\t","protected":false},"excerpt":{"rendered":"<p>La historia de Clarel es la historia de un equipo experto, que busca, desde hace m\u00e1s de 13 a\u00f1os, acercar el cuidado personal y del hogar, haciendo especial el bienestar y la belleza de lo cotidiano. Para ello, m\u00e1s de 3,000 personas nos dedicamos, d\u00eda tras d\u00eda, a cumplir este prop\u00f3sito. Nuestra presencia se extiende [&hellip;]<\/p>\n","protected":false},"author":3,"featured_media":0,"parent":0,"menu_order":0,"comment_status":"closed","ping_status":"closed","template":"elementor_header_footer","meta":{"footnotes":""},"class_list":["post-4739","page","type-page","status-publish","hentry"],"yoast_head":"<!-- This site is optimized with the Yoast SEO plugin v25.4 - https:\/\/yoast.com\/wordpress\/plugins\/seo\/ -->\n<title>Quienes somos - Tienda Oline Clarel<\/title>\n<meta name=\"description\" content=\"Clarel es mas que una tienda de cosmetica, maquillaje y cuidado personal. Clarel es cercania, compromiso con el futuro. Conoce mas de cerca a Clarel.\" \/>\n<meta name=\"robots\" content=\"index, follow, max-snippet:-1, max-image-preview:large, max-video-preview:-1\" \/>\n<link rel=\"canonical\" href=\"https:\/\/www.clarel.es\/blog\/quienes-somos\/\" \/>\n<meta property=\"og:locale\" content=\"es_ES\" \/>\n<meta property=\"og:type\" content=\"article\" \/>\n<meta property=\"og:title\" content=\"Quienes somos - Tienda Oline Clarel\" \/>\n<meta property=\"og:description\" content=\"Clarel es mas que una tienda de cosmetica, maquillaje y cuidado personal. Clarel es cercania, compromiso con el futuro. Conoce mas de cerca a Clarel.\" \/>\n<meta property=\"og:url\" content=\"https:\/\/www.clarel.es\/blog\/quienes-somos\/\" \/>\n<meta property=\"og:site_name\" content=\"Clarel\" \/>\n<meta property=\"article:modified_time\" content=\"2026-01-12T08:13:49+00:00\" \/>\n<meta property=\"og:image\" content=\"https:\/\/blog-clarel.imgix.net\/2025\/07\/header_qs_25-scaled.jpg?auto=format%2Ccompress&amp;fit=crop&amp;h=541&amp;ixlib=php-3.3.0&amp;w=2048\" \/>\n<meta name=\"twitter:card\" content=\"summary_large_image\" \/>\n<script type=\"application\/ld+json\" class=\"yoast-schema-graph\">{\"@context\":\"https:\/\/schema.org\",\"@graph\":[{\"@type\":\"WebPage\",\"@id\":\"https:\/\/www.clarel.es\/blog\/quienes-somos\/\",\"url\":\"https:\/\/www.clarel.es\/blog\/quienes-somos\/\",\"name\":\"Quienes somos - Tienda Oline Clarel\",\"isPartOf\":{\"@id\":\"https:\/\/www.clarel.es\/blog\/#website\"},\"primaryImageOfPage\":{\"@id\":\"https:\/\/www.clarel.es\/blog\/quienes-somos\/#primaryimage\"},\"image\":{\"@id\":\"https:\/\/www.clarel.es\/blog\/quienes-somos\/#primaryimage\"},\"thumbnailUrl\":\"https:\/\/blog-clarel.imgix.net\/2025\/07\/header_qs_25-scaled.jpg?auto=format%2Ccompress&amp;fit=crop&amp;h=541&amp;ixlib=php-3.3.0&amp;w=2048\",\"datePublished\":\"2023-04-03T15:37:58+00:00\",\"dateModified\":\"2026-01-12T08:13:49+00:00\",\"description\":\"Clarel es mas que una tienda de cosmetica, maquillaje y cuidado personal. Clarel es cercania, compromiso con el futuro. Conoce mas de cerca a Clarel.\",\"breadcrumb\":{\"@id\":\"https:\/\/www.clarel.es\/blog\/quienes-somos\/#breadcrumb\"},\"inLanguage\":\"es\",\"potentialAction\":[{\"@type\":\"ReadAction\",\"target\":[\"https:\/\/www.clarel.es\/blog\/quienes-somos\/\"]}]},{\"@type\":\"ImageObject\",\"inLanguage\":\"es\",\"@id\":\"https:\/\/www.clarel.es\/blog\/quienes-somos\/#primaryimage\",\"url\":\"https:\/\/blog-clarel.imgix.net\/2025\/07\/header_qs_25-scaled.jpg?auto=format%2Ccompress&amp;fit=crop&amp;h=541&amp;ixlib=php-3.3.0&amp;w=2048\",\"contentUrl\":\"https:\/\/blog-clarel.imgix.net\/2025\/07\/header_qs_25-scaled.jpg?auto=format%2Ccompress&amp;fit=crop&amp;h=541&amp;ixlib=php-3.3.0&amp;w=2048\"},{\"@type\":\"BreadcrumbList\",\"@id\":\"https:\/\/www.clarel.es\/blog\/quienes-somos\/#breadcrumb\",\"itemListElement\":[{\"@type\":\"ListItem\",\"position\":1,\"name\":\"Portada\",\"item\":\"https:\/\/www.clarel.es\/blog\/\"},{\"@type\":\"ListItem\",\"position\":2,\"name\":\"Quienes somos\"}]},{\"@type\":\"WebSite\",\"@id\":\"https:\/\/www.clarel.es\/blog\/#website\",\"url\":\"https:\/\/www.clarel.es\/blog\/\",\"name\":\"Clarel\",\"description\":\"Tienda Online de perfumeria, cosmetica, maquillaje y hogar.\",\"publisher\":{\"@id\":\"https:\/\/www.clarel.es\/blog\/#organization\"},\"potentialAction\":[{\"@type\":\"SearchAction\",\"target\":{\"@type\":\"EntryPoint\",\"urlTemplate\":\"https:\/\/www.clarel.es\/blog\/?s={search_term_string}\"},\"query-input\":{\"@type\":\"PropertyValueSpecification\",\"valueRequired\":true,\"valueName\":\"search_term_string\"}}],\"inLanguage\":\"es\"},{\"@type\":\"Organization\",\"@id\":\"https:\/\/www.clarel.es\/blog\/#organization\",\"name\":\"Clarel\",\"url\":\"https:\/\/www.clarel.es\/blog\/\",\"logo\":{\"@type\":\"ImageObject\",\"inLanguage\":\"es\",\"@id\":\"https:\/\/www.clarel.es\/blog\/#\/schema\/logo\/image\/\",\"url\":\"https:\/\/clarel-test.ezenit.link\/blog\/wp-content\/uploads\/2022\/08\/logo_clarel.png\",\"contentUrl\":\"https:\/\/clarel-test.ezenit.link\/blog\/wp-content\/uploads\/2022\/08\/logo_clarel.png\",\"width\":432,\"height\":101,\"caption\":\"Clarel\"},\"image\":{\"@id\":\"https:\/\/www.clarel.es\/blog\/#\/schema\/logo\/image\/\"}}]}<\/script>\n<!-- \/ Yoast SEO plugin. -->","yoast_head_json":{"title":"Quienes somos - Tienda Oline Clarel","description":"Clarel es mas que una tienda de cosmetica, maquillaje y cuidado personal. Clarel es cercania, compromiso con el futuro. Conoce mas de cerca a Clarel.","robots":{"index":"index","follow":"follow","max-snippet":"max-snippet:-1","max-image-preview":"max-image-preview:large","max-video-preview":"max-video-preview:-1"},"canonical":"https:\/\/www.clarel.es\/blog\/quienes-somos\/","og_locale":"es_ES","og_type":"article","og_title":"Quienes somos - Tienda Oline Clarel","og_description":"Clarel es mas que una tienda de cosmetica, maquillaje y cuidado personal. Clarel es cercania, compromiso con el futuro. Conoce mas de cerca a Clarel.","og_url":"https:\/\/www.clarel.es\/blog\/quienes-somos\/","og_site_name":"Clarel","article_modified_time":"2026-01-12T08:13:49+00:00","og_image":[{"url":"https:\/\/blog-clarel.imgix.net\/2025\/07\/header_qs_25-scaled.jpg?auto=format%2Ccompress&amp;fit=crop&amp;h=541&amp;ixlib=php-3.3.0&amp;w=2048","type":"","width":"","height":""}],"twitter_card":"summary_large_image","schema":{"@context":"https:\/\/schema.org","@graph":[{"@type":"WebPage","@id":"https:\/\/www.clarel.es\/blog\/quienes-somos\/","url":"https:\/\/www.clarel.es\/blog\/quienes-somos\/","name":"Quienes somos - Tienda Oline Clarel","isPartOf":{"@id":"https:\/\/www.clarel.es\/blog\/#website"},"primaryImageOfPage":{"@id":"https:\/\/www.clarel.es\/blog\/quienes-somos\/#primaryimage"},"image":{"@id":"https:\/\/www.clarel.es\/blog\/quienes-somos\/#primaryimage"},"thumbnailUrl":"https:\/\/blog-clarel.imgix.net\/2025\/07\/header_qs_25-scaled.jpg?auto=format%2Ccompress&amp;fit=crop&amp;h=541&amp;ixlib=php-3.3.0&amp;w=2048","datePublished":"2023-04-03T15:37:58+00:00","dateModified":"2026-01-12T08:13:49+00:00","description":"Clarel es mas que una tienda de cosmetica, maquillaje y cuidado personal. Clarel es cercania, compromiso con el futuro. Conoce mas de cerca a Clarel.","breadcrumb":{"@id":"https:\/\/www.clarel.es\/blog\/quienes-somos\/#breadcrumb"},"inLanguage":"es","potentialAction":[{"@type":"ReadAction","target":["https:\/\/www.clarel.es\/blog\/quienes-somos\/"]}]},{"@type":"ImageObject","inLanguage":"es","@id":"https:\/\/www.clarel.es\/blog\/quienes-somos\/#primaryimage","url":"https:\/\/blog-clarel.imgix.net\/2025\/07\/header_qs_25-scaled.jpg?auto=format%2Ccompress&amp;fit=crop&amp;h=541&amp;ixlib=php-3.3.0&amp;w=2048","contentUrl":"https:\/\/blog-clarel.imgix.net\/2025\/07\/header_qs_25-scaled.jpg?auto=format%2Ccompress&amp;fit=crop&amp;h=541&amp;ixlib=php-3.3.0&amp;w=2048"},{"@type":"BreadcrumbList","@id":"https:\/\/www.clarel.es\/blog\/quienes-somos\/#breadcrumb","itemListElement":[{"@type":"ListItem","position":1,"name":"Portada","item":"https:\/\/www.clarel.es\/blog\/"},{"@type":"ListItem","position":2,"name":"Quienes somos"}]},{"@type":"WebSite","@id":"https:\/\/www.clarel.es\/blog\/#website","url":"https:\/\/www.clarel.es\/blog\/","name":"Clarel","description":"Tienda Online de perfumeria, cosmetica, maquillaje y hogar.","publisher":{"@id":"https:\/\/www.clarel.es\/blog\/#organization"},"potentialAction":[{"@type":"SearchAction","target":{"@type":"EntryPoint","urlTemplate":"https:\/\/www.clarel.es\/blog\/?s={search_term_string}"},"query-input":{"@type":"PropertyValueSpecification","valueRequired":true,"valueName":"search_term_string"}}],"inLanguage":"es"},{"@type":"Organization","@id":"https:\/\/www.clarel.es\/blog\/#organization","name":"Clarel","url":"https:\/\/www.clarel.es\/blog\/","logo":{"@type":"ImageObject","inLanguage":"es","@id":"https:\/\/www.clarel.es\/blog\/#\/schema\/logo\/image\/","url":"https:\/\/clarel-test.ezenit.link\/blog\/wp-content\/uploads\/2022\/08\/logo_clarel.png","contentUrl":"https:\/\/clarel-test.ezenit.link\/blog\/wp-content\/uploads\/2022\/08\/logo_clarel.png","width":432,"height":101,"caption":"Clarel"},"image":{"@id":"https:\/\/www.clarel.es\/blog\/#\/schema\/logo\/image\/"}}]}},"_links":{"self":[{"href":"https:\/\/www.clarel.es\/blog\/wp-json\/wp\/v2\/pages\/4739","targetHints":{"allow":["GET"]}}],"collection":[{"href":"https:\/\/www.clarel.es\/blog\/wp-json\/wp\/v2\/pages"}],"about":[{"href":"https:\/\/www.clarel.es\/blog\/wp-json\/wp\/v2\/types\/page"}],"author":[{"embeddable":true,"href":"https:\/\/www.clarel.es\/blog\/wp-json\/wp\/v2\/users\/3"}],"replies":[{"embeddable":true,"href":"https:\/\/www.clarel.es\/blog\/wp-json\/wp\/v2\/comments?post=4739"}],"version-history":[{"count":40,"href":"https:\/\/www.clarel.es\/blog\/wp-json\/wp\/v2\/pages\/4739\/revisions"}],"predecessor-version":[{"id":17242,"href":"https:\/\/www.clarel.es\/blog\/wp-json\/wp\/v2\/pages\/4739\/revisions\/17242"}],"wp:attachment":[{"href":"https:\/\/www.clarel.es\/blog\/wp-json\/wp\/v2\/media?parent=4739"}],"curies":[{"name":"wp","href":"https:\/\/api.w.org\/{rel}","templated":true}]}}