{"id":10290,"date":"2025-03-28T14:00:38","date_gmt":"2025-03-28T14:00:38","guid":{"rendered":"https:\/\/www.clarel.es\/blog\/?page_id=10290"},"modified":"2025-09-03T14:25:38","modified_gmt":"2025-09-03T14:25:38","slug":"loreal-groupe-y-clarel-firman-acuerdo","status":"publish","type":"page","link":"https:\/\/www.clarel.es\/blog\/loreal-groupe-y-clarel-firman-acuerdo\/","title":{"rendered":"L\u2019or\u00e9al groupe y Clarel firman un acuerdo estrat\u00e9gico para seguir impulsando la descarbonizaci\u00f3n de ambas compa\u00f1\u00edas"},"content":{"rendered":"\t\t<div data-elementor-type=\"wp-page\" data-elementor-id=\"10290\" class=\"elementor elementor-10290\" data-elementor-post-type=\"page\">\n\t\t\t\t<div class=\"elementor-element elementor-element-589f5c8 e-flex e-con-boxed e-con e-parent\" data-id=\"589f5c8\" data-element_type=\"container\">\n\t\t\t\t\t<div class=\"e-con-inner\">\n\t\t\t\t<div class=\"elementor-element elementor-element-4aaf19f elementor-widget elementor-widget-text-editor\" data-id=\"4aaf19f\" data-element_type=\"widget\" data-widget_type=\"text-editor.default\">\n\t\t\t\t<div class=\"elementor-widget-container\">\n\t\t\t\t\t\t\t\t\t<h2 style=\"margin: 0px; padding: 0px 0px 10px; border: 0px; outline: 0px; font-size: 26px; text-size-adjust: 100%; vertical-align: baseline; background-image: initial; background-position: initial; background-size: initial; background-repeat: initial; background-attachment: initial; background-origin: initial; background-clip: initial; line-height: 1em; font-family: &quot;Gelica Light&quot;, Helvetica, Arial, Lucida, sans-serif; color: rgb(239, 122, 80) !important;\"><br><\/h2><h2 style=\"margin: 0px; padding: 0px 0px 10px; border: 0px; outline: 0px; font-size: 26px; text-size-adjust: 100%; vertical-align: baseline; background-image: initial; background-position: initial; background-size: initial; background-repeat: initial; background-attachment: initial; background-origin: initial; background-clip: initial; line-height: 1em; font-family: &quot;Gelica Light&quot;, Helvetica, Arial, Lucida, sans-serif; color: rgb(239, 122, 80) !important;\">L\u2019or\u00e9al groupe y Clarel firman un acuerdo estrat\u00e9gico para seguir impulsando la descarbonizaci\u00f3n de ambas compa\u00f1\u00edas<\/h2>\t\t\t\t\t\t\t\t<\/div>\n\t\t\t\t<\/div>\n\t\t\t\t\t<\/div>\n\t\t\t\t<\/div>\n\t\t<div class=\"elementor-element elementor-element-ffe0233 e-flex e-con-boxed e-con e-parent\" data-id=\"ffe0233\" data-element_type=\"container\">\n\t\t\t\t\t<div class=\"e-con-inner\">\n\t\t\t\t<div class=\"elementor-element elementor-element-424dd45 elementor-widget elementor-widget-image\" data-id=\"424dd45\" data-element_type=\"widget\" data-widget_type=\"image.default\">\n\t\t\t\t<div class=\"elementor-widget-container\">\n\t\t\t\t\t\t\t\t\t\t\t\t\t\t\t<img decoding=\"async\" src=\"https:\/\/blog-clarel.imgix.net\/2025\/03\/OP2.Firma-Clarel-LOreal-9-scaled.jpg?auto=format%2Ccompress&amp;fit=crop&amp;h=1365&amp;ixlib=php-3.3.0&amp;w=2048\" title=\"\" alt=\"\" loading=\"lazy\" \/>\t\t\t\t\t\t\t\t\t\t\t\t\t\t\t<\/div>\n\t\t\t\t<\/div>\n\t\t\t\t\t<\/div>\n\t\t\t\t<\/div>\n\t\t<div class=\"elementor-element elementor-element-6aaf2d1 e-flex e-con-boxed e-con e-parent\" data-id=\"6aaf2d1\" data-element_type=\"container\">\n\t\t\t\t\t<div class=\"e-con-inner\">\n\t\t\t\t<div class=\"elementor-element elementor-element-831e752 elementor-widget elementor-widget-text-editor\" data-id=\"831e752\" data-element_type=\"widget\" data-widget_type=\"text-editor.default\">\n\t\t\t\t<div class=\"elementor-widget-container\">\n\t\t\t\t\t\t\t\t\t<div class=\"et_pb_module et_pb_text et_pb_text_1  et_pb_text_align_left et_pb_bg_layout_light\" style=\"margin: 0px 0px 29.6991px; border: 0px; outline: 0px; font-size: 14px; text-size-adjust: 100%; vertical-align: baseline; background-image: initial; background-position: 50% center; background-size: cover; background-repeat: no-repeat; background-attachment: initial; background-origin: initial; background-clip: initial; position: relative; animation-timing-function: linear; animation-duration: 0.2s; overflow-wrap: break-word; font-family: Poppins, Helvetica, Arial, Lucida, sans-serif; color: #666666; padding: 0px 0px 0px 27px !important;\">\n<div class=\"et_pb_text_inner\" style=\"margin: 0px; padding: 0px; border: 0px; outline: 0px; text-size-adjust: 100%; vertical-align: baseline; background: transparent; position: relative;\">\n<p style=\"margin: 0px; padding: 0px 0px 1em; border: 0px; outline: 0px; text-size-adjust: 100%; vertical-align: baseline; background: transparent;\"><span style=\"margin: 0px; padding: 0px; border: 0px; outline: 0px; text-size-adjust: 100%; vertical-align: baseline; background: transparent; font-weight: bold;\">\u2981 Esta alianza tiene como objetivo desarrollar un plan de acci\u00f3n conjunto, centrado en impulsar cuatro palancas: Producto, Punto de Venta, Log\u00edstica y No Waste.<\/span><\/p>\n<p style=\"margin: 0px; padding: 0px 0px 1em; border: 0px; outline: 0px; text-size-adjust: 100%; vertical-align: baseline; background: transparent;\"><span style=\"margin: 0px; padding: 0px; border: 0px; outline: 0px; text-size-adjust: 100%; vertical-align: baseline; background: transparent; font-weight: bold;\">\u2981 El pacto contempla iniciativas comunes que abordan aspectos cr\u00edticos para la sostenibilidad, como la optimizaci\u00f3n de rutas log\u00edsticas o la realizaci\u00f3n acciones en el punto de venta para llevar a cabo una labor educacional del consumidor.<\/span><\/p>\n<p style=\"margin: 0px; padding: 0px; border: 0px; outline: 0px; text-size-adjust: 100%; vertical-align: baseline; background: transparent;\"><span style=\"margin: 0px; padding: 0px; border: 0px; outline: 0px; text-size-adjust: 100%; vertical-align: baseline; background: transparent; font-weight: bold;\">\u2981 Esta no es la primera vez que L\u2019Or\u00e9al Groupe y Clarel trabajan juntos para generar un impacto positivo, ya que Clarel colabora en la iniciativa \u2018Embellece Tu Futuro\u2019.<\/span><\/p>\n<\/div>\n<\/div>\n<div class=\"et_pb_module et_pb_text et_pb_text_2  et_pb_text_align_left et_pb_bg_layout_light\" style=\"margin: 0px 0px 29.6991px; padding: 0px; border: 0px; outline: 0px; font-size: 14px; text-size-adjust: 100%; vertical-align: baseline; background-image: initial; background-position: 50% center; background-size: cover; background-repeat: no-repeat; background-attachment: initial; background-origin: initial; background-clip: initial; position: relative; animation-timing-function: linear; animation-duration: 0.2s; overflow-wrap: break-word; font-family: Poppins, Helvetica, Arial, Lucida, sans-serif; color: #666666;\">\n<div class=\"et_pb_text_inner\" style=\"margin: 0px; padding: 0px; border: 0px; outline: 0px; text-size-adjust: 100%; vertical-align: baseline; background: transparent; position: relative;\">\n<p style=\"margin: 0px; padding: 0px 0px 1em; border: 0px; outline: 0px; text-size-adjust: 100%; vertical-align: baseline; background: transparent;\"><span style=\"margin: 0px; padding: 0px; border: 0px; outline: 0px; text-size-adjust: 100%; vertical-align: baseline; background: transparent; font-weight: bold;\">Madrid, 28 de enero de 2025<\/span>\u00a0\u2013 L\u2019Or\u00e9al Groupe y Clarel unen fuerzas para generar un impacto positivo, tanto en el medioambiente como en la sociedad, a trav\u00e9s de la firma de un acuerdo estrat\u00e9gico enmarcado dentro de L\u2019Or\u00e9al for the Future Green Joint Business Plans. El objetivo es desarrollar un plan de acci\u00f3n robusto y alineado con las metas de sostenibilidad de ambas empresas. Este plan se centrar\u00e1 en impulsar cuatro palancas estrat\u00e9gicas clave: Producto, Punto de Venta, Log\u00edstica y No Waste, que est\u00e1n directamente relacionadas con la reducci\u00f3n de emisiones de CO2 y que contribuyen de manera significativa a los objetivos de descarbonizaci\u00f3n de ambas compa\u00f1\u00edas.<\/p>\n<p style=\"margin: 0px; padding: 0px 0px 1em; border: 0px; outline: 0px; text-size-adjust: 100%; vertical-align: baseline; background: transparent;\"><br \/>Esta alianza contempla iniciativas conjuntas que se analizaron en un workshop animado por el estudio de ecoinnovaci\u00f3n estrat\u00e9gica In\u00e8dit. En ellas, se abordan aspectos cr\u00edticos para la sostenibilidad, como la optimizaci\u00f3n de rutas log\u00edsticas, o la activaci\u00f3n de acciones en el punto de venta para realizar una labor educacional del consumidor en lo referente a la sostenibilidad en el sector, tanto desde el punto de vista del consumo del producto, como del envase, poniendo en valor el papel de los envases recargables. Su uso no solo supone un beneficio econ\u00f3mico para el consumidor, sino que tambi\u00e9n contribuye a la generaci\u00f3n de nuevos h\u00e1bitos, al pasar de los envases de uso \u00fanico a los recargables. Asimismo, el 50% de las entregas en Clarel ser\u00e1n realizadas con camiones de combustible HVO.<\/p>\n<p style=\"margin: 0px; padding: 0px 0px 1em; border: 0px; outline: 0px; text-size-adjust: 100%; vertical-align: baseline; background: transparent;\"><br \/>En palabras de Juan Alonso de Lomas, CEO de L\u2019Or\u00e9al Groupe, \u201cEstamos comprometidos con transformar la industria de la belleza hacia un modelo m\u00e1s sostenible y, para ello, vemos fundamental la involucraci\u00f3n activa de toda nuestra cadena de valor, desde los proveedores hasta nuestros clientes. Este acuerdo con Clarel, enmarcado dentro de nuestra estrategia global de sostenibilidad \u2018L\u2019Or\u00e9al for the Future\u2019, es una muestra de c\u00f3mo las alianzas estrat\u00e9gicas pueden generar un impacto significativo y duradero en el \u00e1mbito del gran consumo\u201d.<\/p>\n<p style=\"margin: 0px; padding: 0px; border: 0px; outline: 0px; text-size-adjust: 100%; vertical-align: baseline; background: transparent;\"><br \/>Por su parte, Jos\u00e9 Mar\u00eda Jim\u00e9nez, CEO de Clarel \u201cEn Clarel estamos profundamente comprometidos con la sostenibilidad y la descarbonizaci\u00f3n, pilares fundamentales para construir un futuro mejor. Nos llena de satisfacci\u00f3n trabajar de la mano de L\u2019Or\u00e9al, l\u00edder mundial en belleza, para hacer realidad nuestro prop\u00f3sito de impulsar la belleza de manera responsable. Juntos estamos avanzando en medidas concretas que impacten positivamente en toda la cadena de valor, desde la extracci\u00f3n de materias primas, el transporte, la fabricaci\u00f3n, hasta la distribuci\u00f3n hacia el consumidor. Este esfuerzo conjunto refleja nuestro compromiso compartido de cuidar el planeta mientras seguimos ofreciendo productos que inspiran y transforman vidas\u00bb<\/p>\n<\/div>\n<\/div>\n<div class=\"et_pb_module et_pb_text et_pb_text_3  et_pb_text_align_left et_pb_bg_layout_light\" style=\"margin: 0px; padding: 0px; border: 0px; outline: 0px; font-size: 14px; text-size-adjust: 100%; vertical-align: baseline; background-image: initial; background-position: 50% center; background-size: cover; background-repeat: no-repeat; background-attachment: initial; background-origin: initial; background-clip: initial; position: relative; animation-timing-function: linear; animation-duration: 0.2s; overflow-wrap: break-word; font-family: Poppins, Helvetica, Arial, Lucida, sans-serif; color: #666666;\">\n<div class=\"et_pb_text_inner\" style=\"margin: 0px; padding: 0px; border: 0px; outline: 0px; text-size-adjust: 100%; vertical-align: baseline; background: transparent; position: relative;\">\n<p style=\"margin: 0px; padding: 0px 0px 1em; border: 0px; outline: 0px; text-size-adjust: 100%; vertical-align: baseline; background: transparent;\"><span style=\"margin: 0px; padding: 0px; border: 0px; outline: 0px; text-size-adjust: 100%; vertical-align: baseline; background: transparent; text-decoration-line: underline;\">Acerca de L\u2019Or\u00e9al<\/span><br \/>Durante 115 a\u00f1os, L\u2019Or\u00e9al, l\u00edder mundial en belleza, se ha dedicado a una sola cosa: cumplir las aspiraciones de belleza de los consumidores de todo el mundo. Nuestro prop\u00f3sito, crear la belleza que mueve al mundo, define nuestro enfoque de la belleza como esencial, inclusivo, \u00e9tico, generoso y comprometido con la sostenibilidad social y ambiental. Con nuestra amplia cartera de 37 marcas internacionales y ambiciosos compromisos de sostenibilidad en nuestro programa L\u2019Or\u00e9al for the Future, ofrecemos a todas y cada una de las personas del mundo lo mejor en t\u00e9rminos de calidad, eficacia, seguridad, sinceridad y responsabilidad, al tiempo que celebramos la belleza en su infinita pluralidad.<\/p>\n<p style=\"margin: 0px; padding: 0px 0px 1em; border: 0px; outline: 0px; text-size-adjust: 100%; vertical-align: baseline; background: transparent;\">Con m\u00e1s de 90.000 empleados comprometidos, una presencia geogr\u00e1fica equilibrada y ventas en todas las redes de distribuci\u00f3n (comercio electr\u00f3nico, mercado de masas, grandes almacenes, farmacias, perfumer\u00edas, salones de belleza, tiendas de marca y minoristas de viajes), en 2023 el Grupo gener\u00f3 ventas por valor de 41.180 millones de euros. Con 20 centros de investigaci\u00f3n en 11 pa\u00edses de todo el mundo y un equipo dedicado a la Investigaci\u00f3n e Innovaci\u00f3n de m\u00e1s de 4.000 cient\u00edficos y 6.400 talentos digitales, L\u2019Or\u00e9al se centra en inventar el futuro de la belleza y convertirse en una potencia de la tecnolog\u00eda de la belleza.<\/p>\n<p style=\"margin: 0px; padding: 0px 0px 1em; border: 0px; outline: 0px; text-size-adjust: 100%; vertical-align: baseline; background: transparent;\"><a style=\"margin: 0px; padding: 0px; border: 0px; outline: 0px; text-size-adjust: 100%; vertical-align: baseline; background-image: initial; background-position: initial; background-size: initial; background-repeat: initial; background-attachment: initial; background-origin: initial; background-clip: initial; color: #edb059;\" href=\"https:\/\/www.loreal.com\/en\/mediaroom\" target=\"_blank\" rel=\"noopener\">M\u00e1s informaci\u00f3n.<\/a><\/p>\n<p style=\"margin: 0px; padding: 0px 0px 1em; border: 0px; outline: 0px; text-size-adjust: 100%; vertical-align: baseline; background: transparent;\">\u00abEste comunicado de prensa no constituye una oferta de venta o una solicitud de oferta para comprar acciones de L\u2019Or\u00e9al. Si desea obtener informaci\u00f3n m\u00e1s completa sobre L\u2019Or\u00e9al, consulte los documentos p\u00fablicos registrados en Francia ante la Autorit\u00e9 des March\u00e9s Financiers, tambi\u00e9n disponibles en ingl\u00e9s en nuestro sitio web www.loreal-finance.com.<\/p>\n<p style=\"margin: 0px; padding: 0px 0px 1em; border: 0px; outline: 0px; text-size-adjust: 100%; vertical-align: baseline; background: transparent;\">Este comunicado de prensa puede contener informaci\u00f3n de pron\u00f3stico. Si bien la Compa\u00f1\u00eda cree que estas declaraciones se basan en suposiciones razonables a la fecha de publicaci\u00f3n de este comunicado de prensa, por naturaleza est\u00e1n sujetas a riesgos e incertidumbres que pueden conducir a una discrepancia entre las cifras reales y las indicadas o sugeridas en estas declaraciones\u00bb.<\/p>\n<p style=\"margin: 0px; padding: 0px 0px 1em; border: 0px; outline: 0px; text-size-adjust: 100%; vertical-align: baseline; background: transparent;\"><span style=\"margin: 0px; padding: 0px; border: 0px; outline: 0px; text-size-adjust: 100%; vertical-align: baseline; background: transparent; text-decoration-line: underline;\">Sobre Clarel<\/span><br \/>Clarel se erige como la tienda l\u00edder en proximidad de belleza, cuidado personal y del hogar que fundamenta su identidad en la importancia de estar cerca, con establecimientos estrat\u00e9gicamente posicionados a tan solo un paso de sus clientes. Clarel atesora una trayectoria de m\u00e1s de 11 a\u00f1os en el mercado y ofrece, una amplia gama de productos que abarcan desde cosm\u00e9ticos hasta soluciones de higiene personal y cuidado del hogar.<br \/>La compa\u00f1\u00eda se diferencia gracias a sus marcas exclusivas, como bont\u00e9, NeSk, Hogarel y AS, que a\u00f1aden un elemento distintivo a su propuesta. Consolidando su posici\u00f3n en Espa\u00f1a, con una extensa red que alcanza cerca de las 1.000 tiendas, la misi\u00f3n de Clarel es acercar a sus clientes el cuidado personal y del hogar, haciendo especial el bienestar y la belleza de lo cotidiano.<\/p>\n<p style=\"margin: 0px; padding: 0px; border: 0px; outline: 0px; text-size-adjust: 100%; vertical-align: baseline; background: transparent;\"><a style=\"margin: 0px; padding: 0px; border: 0px; outline: 0px; text-size-adjust: 100%; vertical-align: baseline; background-image: initial; background-position: initial; background-size: initial; background-repeat: initial; background-attachment: initial; background-origin: initial; background-clip: initial; color: #edb059;\" href=\"http:\/\/www.clarel.es\/\" target=\"_blank\" rel=\"noopener\">www.clarel.es<\/a><\/p>\n<\/div>\n<\/div>\t\t\t\t\t\t\t\t<\/div>\n\t\t\t\t<\/div>\n\t\t\t\t\t<\/div>\n\t\t\t\t<\/div>\n\t\t\t\t<\/div>\n\t\t","protected":false},"excerpt":{"rendered":"<p>L\u2019or\u00e9al groupe y Clarel firman un acuerdo estrat\u00e9gico para seguir impulsando la descarbonizaci\u00f3n de ambas compa\u00f1\u00edas \u2981 Esta alianza tiene como objetivo desarrollar un plan de acci\u00f3n conjunto, centrado en impulsar cuatro palancas: Producto, Punto de Venta, Log\u00edstica y No Waste. \u2981 El pacto contempla iniciativas comunes que abordan aspectos cr\u00edticos para la sostenibilidad, como [&hellip;]<\/p>\n","protected":false},"author":5,"featured_media":0,"parent":0,"menu_order":0,"comment_status":"closed","ping_status":"closed","template":"elementor_header_footer","meta":{"footnotes":""},"class_list":["post-10290","page","type-page","status-publish","hentry"],"yoast_head":"<!-- This site is optimized with the Yoast SEO plugin v25.4 - https:\/\/yoast.com\/wordpress\/plugins\/seo\/ -->\n<title>L\u2019or\u00e9al groupe y Clarel firman un acuerdo estrat\u00e9gico para seguir impulsando la descarbonizaci\u00f3n de ambas compa\u00f1\u00edas - Clarel<\/title>\n<meta name=\"description\" content=\"Esta alianza tiene como objetivo desarrollar un plan de acci\u00f3n conjunto, centrado en impulsar cuatro palancas: Producto, Punto de Venta, Log\u00edstica y No Waste\" \/>\n<meta name=\"robots\" content=\"index, follow, max-snippet:-1, max-image-preview:large, max-video-preview:-1\" \/>\n<link rel=\"canonical\" href=\"https:\/\/www.clarel.es\/blog\/loreal-groupe-y-clarel-firman-acuerdo\/\" \/>\n<meta property=\"og:locale\" content=\"es_ES\" \/>\n<meta property=\"og:type\" content=\"article\" \/>\n<meta property=\"og:title\" content=\"L\u2019or\u00e9al groupe y Clarel firman un acuerdo estrat\u00e9gico para seguir impulsando la descarbonizaci\u00f3n de ambas compa\u00f1\u00edas - Clarel\" \/>\n<meta property=\"og:description\" content=\"Esta alianza tiene como objetivo desarrollar un plan de acci\u00f3n conjunto, centrado en impulsar cuatro palancas: Producto, Punto de Venta, Log\u00edstica y No Waste\" \/>\n<meta property=\"og:url\" content=\"https:\/\/www.clarel.es\/blog\/loreal-groupe-y-clarel-firman-acuerdo\/\" \/>\n<meta property=\"og:site_name\" content=\"Clarel\" \/>\n<meta property=\"article:modified_time\" content=\"2025-09-03T14:25:38+00:00\" \/>\n<meta property=\"og:image\" content=\"https:\/\/blog-clarel.imgix.net\/2025\/03\/OP2.Firma-Clarel-LOreal-9-scaled.jpg?auto=format%2Ccompress&amp;fit=crop&amp;h=1365&amp;ixlib=php-3.3.0&amp;w=2048\" \/>\n<meta name=\"twitter:card\" content=\"summary_large_image\" \/>\n<script type=\"application\/ld+json\" class=\"yoast-schema-graph\">{\"@context\":\"https:\/\/schema.org\",\"@graph\":[{\"@type\":\"WebPage\",\"@id\":\"https:\/\/www.clarel.es\/blog\/loreal-groupe-y-clarel-firman-acuerdo\/\",\"url\":\"https:\/\/www.clarel.es\/blog\/loreal-groupe-y-clarel-firman-acuerdo\/\",\"name\":\"L\u2019or\u00e9al groupe y Clarel firman un acuerdo estrat\u00e9gico para seguir impulsando la descarbonizaci\u00f3n de ambas compa\u00f1\u00edas - Clarel\",\"isPartOf\":{\"@id\":\"https:\/\/www.clarel.es\/blog\/#website\"},\"primaryImageOfPage\":{\"@id\":\"https:\/\/www.clarel.es\/blog\/loreal-groupe-y-clarel-firman-acuerdo\/#primaryimage\"},\"image\":{\"@id\":\"https:\/\/www.clarel.es\/blog\/loreal-groupe-y-clarel-firman-acuerdo\/#primaryimage\"},\"thumbnailUrl\":\"https:\/\/blog-clarel.imgix.net\/2025\/03\/OP2.Firma-Clarel-LOreal-9-scaled.jpg?auto=format%2Ccompress&amp;fit=crop&amp;h=1365&amp;ixlib=php-3.3.0&amp;w=2048\",\"datePublished\":\"2025-03-28T14:00:38+00:00\",\"dateModified\":\"2025-09-03T14:25:38+00:00\",\"description\":\"Esta alianza tiene como objetivo desarrollar un plan de acci\u00f3n conjunto, centrado en impulsar cuatro palancas: Producto, Punto de Venta, Log\u00edstica y No Waste\",\"breadcrumb\":{\"@id\":\"https:\/\/www.clarel.es\/blog\/loreal-groupe-y-clarel-firman-acuerdo\/#breadcrumb\"},\"inLanguage\":\"es\",\"potentialAction\":[{\"@type\":\"ReadAction\",\"target\":[\"https:\/\/www.clarel.es\/blog\/loreal-groupe-y-clarel-firman-acuerdo\/\"]}]},{\"@type\":\"ImageObject\",\"inLanguage\":\"es\",\"@id\":\"https:\/\/www.clarel.es\/blog\/loreal-groupe-y-clarel-firman-acuerdo\/#primaryimage\",\"url\":\"https:\/\/blog-clarel.imgix.net\/2025\/03\/OP2.Firma-Clarel-LOreal-9-scaled.jpg?auto=format%2Ccompress&amp;fit=crop&amp;h=1365&amp;ixlib=php-3.3.0&amp;w=2048\",\"contentUrl\":\"https:\/\/blog-clarel.imgix.net\/2025\/03\/OP2.Firma-Clarel-LOreal-9-scaled.jpg?auto=format%2Ccompress&amp;fit=crop&amp;h=1365&amp;ixlib=php-3.3.0&amp;w=2048\"},{\"@type\":\"BreadcrumbList\",\"@id\":\"https:\/\/www.clarel.es\/blog\/loreal-groupe-y-clarel-firman-acuerdo\/#breadcrumb\",\"itemListElement\":[{\"@type\":\"ListItem\",\"position\":1,\"name\":\"Portada\",\"item\":\"https:\/\/www.clarel.es\/blog\/\"},{\"@type\":\"ListItem\",\"position\":2,\"name\":\"L\u2019or\u00e9al groupe y Clarel firman un acuerdo estrat\u00e9gico para seguir impulsando la descarbonizaci\u00f3n de ambas compa\u00f1\u00edas\"}]},{\"@type\":\"WebSite\",\"@id\":\"https:\/\/www.clarel.es\/blog\/#website\",\"url\":\"https:\/\/www.clarel.es\/blog\/\",\"name\":\"Clarel\",\"description\":\"Tienda Online de perfumeria, cosmetica, maquillaje y hogar.\",\"publisher\":{\"@id\":\"https:\/\/www.clarel.es\/blog\/#organization\"},\"potentialAction\":[{\"@type\":\"SearchAction\",\"target\":{\"@type\":\"EntryPoint\",\"urlTemplate\":\"https:\/\/www.clarel.es\/blog\/?s={search_term_string}\"},\"query-input\":{\"@type\":\"PropertyValueSpecification\",\"valueRequired\":true,\"valueName\":\"search_term_string\"}}],\"inLanguage\":\"es\"},{\"@type\":\"Organization\",\"@id\":\"https:\/\/www.clarel.es\/blog\/#organization\",\"name\":\"Clarel\",\"url\":\"https:\/\/www.clarel.es\/blog\/\",\"logo\":{\"@type\":\"ImageObject\",\"inLanguage\":\"es\",\"@id\":\"https:\/\/www.clarel.es\/blog\/#\/schema\/logo\/image\/\",\"url\":\"https:\/\/clarel-test.ezenit.link\/blog\/wp-content\/uploads\/2022\/08\/logo_clarel.png\",\"contentUrl\":\"https:\/\/clarel-test.ezenit.link\/blog\/wp-content\/uploads\/2022\/08\/logo_clarel.png\",\"width\":432,\"height\":101,\"caption\":\"Clarel\"},\"image\":{\"@id\":\"https:\/\/www.clarel.es\/blog\/#\/schema\/logo\/image\/\"}}]}<\/script>\n<!-- \/ Yoast SEO plugin. -->","yoast_head_json":{"title":"L\u2019or\u00e9al groupe y Clarel firman un acuerdo estrat\u00e9gico para seguir impulsando la descarbonizaci\u00f3n de ambas compa\u00f1\u00edas - Clarel","description":"Esta alianza tiene como objetivo desarrollar un plan de acci\u00f3n conjunto, centrado en impulsar cuatro palancas: Producto, Punto de Venta, Log\u00edstica y No Waste","robots":{"index":"index","follow":"follow","max-snippet":"max-snippet:-1","max-image-preview":"max-image-preview:large","max-video-preview":"max-video-preview:-1"},"canonical":"https:\/\/www.clarel.es\/blog\/loreal-groupe-y-clarel-firman-acuerdo\/","og_locale":"es_ES","og_type":"article","og_title":"L\u2019or\u00e9al groupe y Clarel firman un acuerdo estrat\u00e9gico para seguir impulsando la descarbonizaci\u00f3n de ambas compa\u00f1\u00edas - Clarel","og_description":"Esta alianza tiene como objetivo desarrollar un plan de acci\u00f3n conjunto, centrado en impulsar cuatro palancas: Producto, Punto de Venta, Log\u00edstica y No Waste","og_url":"https:\/\/www.clarel.es\/blog\/loreal-groupe-y-clarel-firman-acuerdo\/","og_site_name":"Clarel","article_modified_time":"2025-09-03T14:25:38+00:00","og_image":[{"url":"https:\/\/blog-clarel.imgix.net\/2025\/03\/OP2.Firma-Clarel-LOreal-9-scaled.jpg?auto=format%2Ccompress&amp;fit=crop&amp;h=1365&amp;ixlib=php-3.3.0&amp;w=2048","type":"","width":"","height":""}],"twitter_card":"summary_large_image","schema":{"@context":"https:\/\/schema.org","@graph":[{"@type":"WebPage","@id":"https:\/\/www.clarel.es\/blog\/loreal-groupe-y-clarel-firman-acuerdo\/","url":"https:\/\/www.clarel.es\/blog\/loreal-groupe-y-clarel-firman-acuerdo\/","name":"L\u2019or\u00e9al groupe y Clarel firman un acuerdo estrat\u00e9gico para seguir impulsando la descarbonizaci\u00f3n de ambas compa\u00f1\u00edas - Clarel","isPartOf":{"@id":"https:\/\/www.clarel.es\/blog\/#website"},"primaryImageOfPage":{"@id":"https:\/\/www.clarel.es\/blog\/loreal-groupe-y-clarel-firman-acuerdo\/#primaryimage"},"image":{"@id":"https:\/\/www.clarel.es\/blog\/loreal-groupe-y-clarel-firman-acuerdo\/#primaryimage"},"thumbnailUrl":"https:\/\/blog-clarel.imgix.net\/2025\/03\/OP2.Firma-Clarel-LOreal-9-scaled.jpg?auto=format%2Ccompress&amp;fit=crop&amp;h=1365&amp;ixlib=php-3.3.0&amp;w=2048","datePublished":"2025-03-28T14:00:38+00:00","dateModified":"2025-09-03T14:25:38+00:00","description":"Esta alianza tiene como objetivo desarrollar un plan de acci\u00f3n conjunto, centrado en impulsar cuatro palancas: Producto, Punto de Venta, Log\u00edstica y No Waste","breadcrumb":{"@id":"https:\/\/www.clarel.es\/blog\/loreal-groupe-y-clarel-firman-acuerdo\/#breadcrumb"},"inLanguage":"es","potentialAction":[{"@type":"ReadAction","target":["https:\/\/www.clarel.es\/blog\/loreal-groupe-y-clarel-firman-acuerdo\/"]}]},{"@type":"ImageObject","inLanguage":"es","@id":"https:\/\/www.clarel.es\/blog\/loreal-groupe-y-clarel-firman-acuerdo\/#primaryimage","url":"https:\/\/blog-clarel.imgix.net\/2025\/03\/OP2.Firma-Clarel-LOreal-9-scaled.jpg?auto=format%2Ccompress&amp;fit=crop&amp;h=1365&amp;ixlib=php-3.3.0&amp;w=2048","contentUrl":"https:\/\/blog-clarel.imgix.net\/2025\/03\/OP2.Firma-Clarel-LOreal-9-scaled.jpg?auto=format%2Ccompress&amp;fit=crop&amp;h=1365&amp;ixlib=php-3.3.0&amp;w=2048"},{"@type":"BreadcrumbList","@id":"https:\/\/www.clarel.es\/blog\/loreal-groupe-y-clarel-firman-acuerdo\/#breadcrumb","itemListElement":[{"@type":"ListItem","position":1,"name":"Portada","item":"https:\/\/www.clarel.es\/blog\/"},{"@type":"ListItem","position":2,"name":"L\u2019or\u00e9al groupe y Clarel firman un acuerdo estrat\u00e9gico para seguir impulsando la descarbonizaci\u00f3n de ambas compa\u00f1\u00edas"}]},{"@type":"WebSite","@id":"https:\/\/www.clarel.es\/blog\/#website","url":"https:\/\/www.clarel.es\/blog\/","name":"Clarel","description":"Tienda Online de perfumeria, cosmetica, maquillaje y hogar.","publisher":{"@id":"https:\/\/www.clarel.es\/blog\/#organization"},"potentialAction":[{"@type":"SearchAction","target":{"@type":"EntryPoint","urlTemplate":"https:\/\/www.clarel.es\/blog\/?s={search_term_string}"},"query-input":{"@type":"PropertyValueSpecification","valueRequired":true,"valueName":"search_term_string"}}],"inLanguage":"es"},{"@type":"Organization","@id":"https:\/\/www.clarel.es\/blog\/#organization","name":"Clarel","url":"https:\/\/www.clarel.es\/blog\/","logo":{"@type":"ImageObject","inLanguage":"es","@id":"https:\/\/www.clarel.es\/blog\/#\/schema\/logo\/image\/","url":"https:\/\/clarel-test.ezenit.link\/blog\/wp-content\/uploads\/2022\/08\/logo_clarel.png","contentUrl":"https:\/\/clarel-test.ezenit.link\/blog\/wp-content\/uploads\/2022\/08\/logo_clarel.png","width":432,"height":101,"caption":"Clarel"},"image":{"@id":"https:\/\/www.clarel.es\/blog\/#\/schema\/logo\/image\/"}}]}},"_links":{"self":[{"href":"https:\/\/www.clarel.es\/blog\/wp-json\/wp\/v2\/pages\/10290","targetHints":{"allow":["GET"]}}],"collection":[{"href":"https:\/\/www.clarel.es\/blog\/wp-json\/wp\/v2\/pages"}],"about":[{"href":"https:\/\/www.clarel.es\/blog\/wp-json\/wp\/v2\/types\/page"}],"author":[{"embeddable":true,"href":"https:\/\/www.clarel.es\/blog\/wp-json\/wp\/v2\/users\/5"}],"replies":[{"embeddable":true,"href":"https:\/\/www.clarel.es\/blog\/wp-json\/wp\/v2\/comments?post=10290"}],"version-history":[{"count":8,"href":"https:\/\/www.clarel.es\/blog\/wp-json\/wp\/v2\/pages\/10290\/revisions"}],"predecessor-version":[{"id":15251,"href":"https:\/\/www.clarel.es\/blog\/wp-json\/wp\/v2\/pages\/10290\/revisions\/15251"}],"wp:attachment":[{"href":"https:\/\/www.clarel.es\/blog\/wp-json\/wp\/v2\/media?parent=10290"}],"curies":[{"name":"wp","href":"https:\/\/api.w.org\/{rel}","templated":true}]}}