{"id":16251,"date":"2024-05-16T08:41:56","date_gmt":"2024-05-16T08:41:56","guid":{"rendered":"https:\/\/clarel-test.ezenit.link\/blog\/just-eat-e-clarel-selam-um-acordo-estrategico-para-abrir-uma-nova-categoria-com-produtos-de-cuidados-pessoais-beleza-e-lar\/"},"modified":"2025-10-17T08:24:47","modified_gmt":"2025-10-17T08:24:47","slug":"just-eat-e-clarel-selam-um-acordo-estrategico-para-abrir-uma-nova-categoria-com-produtos-de-cuidados-pessoais-beleza-e-lar","status":"publish","type":"page","link":"https:\/\/www.clarel.es\/blog\/pt-pt\/just-eat-e-clarel-selam-um-acordo-estrategico-para-abrir-uma-nova-categoria-com-produtos-de-cuidados-pessoais-beleza-e-lar\/","title":{"rendered":"Just Eat e Clarel selam um acordo estrat\u00e9gico para abrir uma nova categoria com produtos de cuidados pessoais, beleza e lar"},"content":{"rendered":"\t\t<div data-elementor-type=\"wp-page\" data-elementor-id=\"16251\" class=\"elementor elementor-16251 elementor-8258\" data-elementor-post-type=\"page\">\n\t\t\t\t<div class=\"elementor-element elementor-element-47ff552f e-flex e-con-boxed e-con e-parent\" data-id=\"47ff552f\" data-element_type=\"container\">\n\t\t\t\t\t<div class=\"e-con-inner\">\n\t\t\t\t<div class=\"elementor-element elementor-element-b568f63 elementor-widget elementor-widget-text-editor\" data-id=\"b568f63\" data-element_type=\"widget\" data-widget_type=\"text-editor.default\">\n\t\t\t\t<div class=\"elementor-widget-container\">\n\t\t\t\t\t\t\t\t\t<div class=\"et_pb_module et_pb_text et_pb_text_0 et_pb_text_align_left et_pb_bg_layout_light\" style=\"margin: 0px 0px 29.7px; padding: 0px; border: 0px; outline: 0px; font-size: 31px; text-size-adjust: 100%; vertical-align: baseline; background-image: initial; background-position: 50% center; background-size: cover; background-repeat: no-repeat; background-attachment: initial; background-origin: initial; background-clip: initial; position: relative; animation-timing-function: linear; animation-duration: 0.2s; overflow-wrap: break-word; font-family: \"Gelica Light\", Helvetica, Arial, Lucida, sans-serif; color: rgb(245, 165, 115) !important;\"><div class=\"et_pb_text_inner\" style=\"margin: 0px; padding: 0px; border: 0px; outline: 0px; text-size-adjust: 100%; vertical-align: baseline; background: transparent; position: relative;\"><p class=\"et_pb_toggle_title\" style=\"margin: 0px; padding: 0px; border: 0px; outline: 0px; text-size-adjust: 100%; vertical-align: baseline; background: transparent;\">Just Eat e Clarel selam um acordo estrat\u00e9gico para abrir uma nova categoria com produtos de cuidados pessoais, beleza e lar.<\/p><\/div><\/div><div class=\"et_pb_module et_pb_text et_pb_text_1 et_pb_text_align_left et_pb_bg_layout_light\" style=\"margin: 0px 0px 29.7px; padding: 0px; border: 0px; outline: 0px; font-size: 14px; text-size-adjust: 100%; vertical-align: baseline; background-image: initial; background-position: 50% center; background-size: cover; background-repeat: no-repeat; background-attachment: initial; background-origin: initial; background-clip: initial; position: relative; animation-timing-function: linear; animation-duration: 0.2s; overflow-wrap: break-word; color: rgb(102, 102, 102); font-family: Poppins, Helvetica, Arial, Lucida, sans-serif;\"><div class=\"et_pb_text_inner\" style=\"margin: 0px; padding: 0px; border: 0px; outline: 0px; text-size-adjust: 100%; vertical-align: baseline; background: transparent; position: relative;\"><p style=\"margin: 0px; padding: 0px; border: 0px; outline: 0px; text-size-adjust: 100%; vertical-align: baseline; background: transparent;\"><b style=\"margin: 0px; padding: 0px; border: 0px; outline: 0px; text-size-adjust: 100%; vertical-align: baseline; background: transparent;\">Madrid, 7 de fevereiro de 2024<\/b><\/p><\/div><\/div><div class=\"et_pb_module et_pb_text et_pb_text_2 et_pb_text_align_left et_pb_bg_layout_light\" style=\"margin: 0px 0px 29.7px; padding: 0px; border: 0px; outline: 0px; font-size: 14px; text-size-adjust: 100%; vertical-align: baseline; background-image: initial; background-position: 50% center; background-size: cover; background-repeat: no-repeat; background-attachment: initial; background-origin: initial; background-clip: initial; position: relative; animation-timing-function: linear; animation-duration: 0.2s; overflow-wrap: break-word; color: rgb(102, 102, 102); font-family: Poppins, Helvetica, Arial, Lucida, sans-serif;\"><div class=\"et_pb_text_inner\" style=\"margin: 0px; padding: 0px; border: 0px; outline: 0px; text-size-adjust: 100%; vertical-align: baseline; background: transparent; position: relative;\"><p style=\"margin: 0px; padding: 0px 0px 1em; border: 0px; outline: 0px; text-size-adjust: 100%; vertical-align: baseline; background: transparent;\">\u2981 A parceria come\u00e7a com 10 lojas Clarel localizadas na Comunidade de Madrid e na prov\u00edncia de Barcelona, com o objetivo de se expandir para mais territ\u00f3rios nos pr\u00f3ximos meses.<\/p><p style=\"margin: 0px; padding: 0px 0px 1em; border: 0px; outline: 0px; text-size-adjust: 100%; vertical-align: baseline; background: transparent;\">\u2981 Os utilizadores da Just Eat ter\u00e3o acesso a mais de 4.800 produtos na Clarel, entre os quais se destacam artigos da sua marca bont\u00e9, bem como uma sele\u00e7\u00e3o de grandes marcas nacionais e internacionais em perfumaria, cosm\u00e9tica, produtos para o lar e cuidados pessoais, assim como para animais de estima\u00e7\u00e3o.<\/p><p style=\"margin: 0px; padding: 0px; border: 0px; outline: 0px; text-size-adjust: 100%; vertical-align: baseline; background: transparent;\">\u2981 Desta forma, a Espanha torna-se um dos mercados pioneiros onde a Just Eat, plataforma presente em 20 pa\u00edses, aposta na abertura de uma categoria de beleza e cuidados do lar.<\/p><\/div><\/div><div class=\"et_pb_module et_pb_image et_pb_image_0\" style=\"margin: 0px auto 29.7px; padding: 0px; border: 0px; outline: 0px; font-size: 14px; text-size-adjust: 100%; vertical-align: baseline; background-image: initial; background-position: 50% center; background-size: cover; background-repeat: no-repeat; background-attachment: initial; background-origin: initial; background-clip: initial; position: relative; animation-timing-function: linear; animation-duration: 0.2s; line-height: 0; width: 518.4px; text-align: center; color: rgb(102, 102, 102); font-family: Poppins, Helvetica, Arial, Lucida, sans-serif;\"><span class=\"et_pb_image_wrap \" style=\"margin: 0px; padding: 0px; border: 0px; outline: 0px; text-size-adjust: 100%; vertical-align: baseline; background: transparent; display: inline-block; position: relative; max-width: 100%;\"><img fetchpriority=\"high\" width=\"2501\" height=\"1667\" decoding=\"async\" src=\"https:\/\/blog-clarel.imgix.net\/2024\/05\/clarel_justeat.png?auto=format%2Ccompress&amp;ixlib=php-3.3.0\" alt=\"\" title=\"\" srcset=\"https:\/\/blog-clarel.imgix.net\/2024\/05\/clarel_justeat.png?auto=format%2Ccompress&amp;ixlib=php-3.3.0&amp;w=2501 2501w, https:\/\/blog-clarel.imgix.net\/2024\/05\/clarel_justeat.png?auto=format%2Ccompress&amp;fit=crop&amp;h=200&amp;ixlib=php-3.3.0&amp;w=300 300w, https:\/\/blog-clarel.imgix.net\/2024\/05\/clarel_justeat.png?auto=format%2Ccompress&amp;fit=crop&amp;h=683&amp;ixlib=php-3.3.0&amp;w=1024 1024w, https:\/\/blog-clarel.imgix.net\/2024\/05\/clarel_justeat.png?auto=format%2Ccompress&amp;fit=crop&amp;h=512&amp;ixlib=php-3.3.0&amp;w=768 768w, https:\/\/blog-clarel.imgix.net\/2024\/05\/clarel_justeat.png?auto=format%2Ccompress&amp;fit=crop&amp;h=1024&amp;ixlib=php-3.3.0&amp;w=1536 1536w, https:\/\/blog-clarel.imgix.net\/2024\/05\/clarel_justeat.png?auto=format%2Ccompress&amp;fit=crop&amp;h=1365&amp;ixlib=php-3.3.0&amp;w=2048 2048w, https:\/\/blog-clarel.imgix.net\/2024\/05\/clarel_justeat.png?auto=format%2Ccompress&amp;fit=crop&amp;h=720&amp;ixlib=php-3.3.0&amp;w=1080 1080w, https:\/\/blog-clarel.imgix.net\/2024\/05\/clarel_justeat.png?auto=format%2Ccompress&amp;fit=crop&amp;h=853&amp;ixlib=php-3.3.0&amp;w=1280 1280w, https:\/\/blog-clarel.imgix.net\/2024\/05\/clarel_justeat.png?auto=format%2Ccompress&amp;fit=crop&amp;h=653&amp;ixlib=php-3.3.0&amp;w=980 980w, https:\/\/blog-clarel.imgix.net\/2024\/05\/clarel_justeat.png?auto=format%2Ccompress&amp;fit=crop&amp;h=320&amp;ixlib=php-3.3.0&amp;w=480 480w, https:\/\/blog-clarel.imgix.net\/2024\/05\/clarel_justeat.png?auto=format%2Ccompress&amp;fit=crop&amp;h=400&amp;ixlib=php-3.3.0&amp;w=600 600w\" sizes=\"(max-width: 2501px) 100vw, 2501px\" class=\"wp-image-8261\" data-recalc-dims=\"1\" style=\"margin: 0px; padding: 0px; border-width: 0px; border-style: initial; outline: 0px; text-size-adjust: 100%; vertical-align: baseline; background: transparent; position: relative;\"><\/span><\/div><div class=\"et_pb_module et_pb_text et_pb_text_3 et_pb_text_align_left et_pb_bg_layout_light\" style=\"margin: 0px 0px 29.7px; padding: 0px; border: 0px; outline: 0px; font-size: 14px; text-size-adjust: 100%; vertical-align: baseline; background-image: initial; background-position: 50% center; background-size: cover; background-repeat: no-repeat; background-attachment: initial; background-origin: initial; background-clip: initial; position: relative; animation-timing-function: linear; animation-duration: 0.2s; overflow-wrap: break-word; color: rgb(102, 102, 102); font-family: Poppins, Helvetica, Arial, Lucida, sans-serif;\"><div class=\"et_pb_text_inner\" style=\"margin: 0px; padding: 0px; border: 0px; outline: 0px; text-size-adjust: 100%; vertical-align: baseline; background: transparent; position: relative;\"><p style=\"margin: 0px; padding: 0px 0px 1em; border: 0px; outline: 0px; text-size-adjust: 100%; vertical-align: baseline; background: transparent;\">A Just Eat, plataforma de entrega de comida ao domic\u00edlio de refer\u00eancia em Espanha, e a Clarel, empresa l\u00edder na distribui\u00e7\u00e3o de produtos de beleza, cuidados pessoais e do lar em Espanha, uniram for\u00e7as para lan\u00e7ar uma nova categoria na plataforma que continua a expandir os seus servi\u00e7os, entrando agora no setor de produtos de cuidados pessoais e do lar.<\/p><p style=\"margin: 0px; padding: 0px 0px 1em; border: 0px; outline: 0px; text-size-adjust: 100%; vertical-align: baseline; background: transparent;\">A integra\u00e7\u00e3o da Clarel na plataforma da Just Eat come\u00e7a com 10 lojas localizadas na Comunidade de Madrid e na prov\u00edncia de Barcelona, com planos de expans\u00e3o a m\u00e9dio prazo para outras regi\u00f5es espanholas. Os utilizadores da plataforma poder\u00e3o desfrutar da mesma experi\u00eancia, ampliando os servi\u00e7os atuais para responder \u00e0s suas necessidades. <\/p><p style=\"margin: 0px; padding: 0px 0px 1em; border: 0px; outline: 0px; text-size-adjust: 100%; vertical-align: baseline; background: transparent;\">Agora, al\u00e9m de poder pedir comida ao domic\u00edlio, fazer compras de supermercado ou adquirir produtos de parafarm\u00e1cia, os utilizadores da Just Eat tamb\u00e9m podem escolher entre mais de 4.800 produtos de cosm\u00e9tica, perfumaria, cuidados pessoais e limpeza do lar, entre outros, de grandes marcas nacionais e internacionais, bem como das marcas exclusivas da Clarel, NeSk, bont\u00e9, Hogarel e AS.<\/p><p style=\"margin: 0px; padding: 0px 0px 1em; border: 0px; outline: 0px; text-size-adjust: 100%; vertical-align: baseline; background: transparent;\">\u201cEsta \u00e9 uma parceria muito significativa para a Just Eat que marca um antes e um depois na nossa vis\u00e3o de neg\u00f3cio. Os nossos utilizadores podem pedir as suas refei\u00e7\u00f5es favoritas, fazer compras de alimenta\u00e7\u00e3o e parafarm\u00e1cia a partir da app e, a partir desta semana, tamb\u00e9m podem desfrutar em poucos minutos de grandes marcas de beleza, cuidados pessoais e limpeza gra\u00e7as \u00e0 Clarel. Estou convencido de que, para os nossos utilizadores, poder aceder \u00e0 variedade de produtos da Clarel com a facilidade de os receber em poucos minutos e com a seguran\u00e7a de contar com um delivery respons\u00e1vel, onde h\u00e1 rastreabilidade do protocolo e seguran\u00e7a na limpeza das mochilas, \u00e9 sem d\u00favida um diferencial que facilitar\u00e1 o seu dia a dia\u201d, afirma \u00cd\u00f1igo Barea, Diretor-Geral da Just Eat Espanha.<\/p><p style=\"margin: 0px; padding: 0px 0px 1em; border: 0px; outline: 0px; text-size-adjust: 100%; vertical-align: baseline; background: transparent;\">Os teus produtos Clarel em casa<br>\u201cTrabalhamos para aproximar os cuidados pessoais e do lar, valorizando o bem-estar e a beleza do quotidiano. Os nossos produtos ajudam os clientes a sentirem-se melhor consigo pr\u00f3prios e todos os dias procuramos contribuir para a constru\u00e7\u00e3o de uma sociedade mais plena. A proximidade \u00e9 a ess\u00eancia da Clarel e este acordo com a Just Eat \u00e9 mais um passo, que nos permite continuar a levar os produtos das lojas Clarel at\u00e9 \u00e0s casas de todos os utilizadores\u201d, afirma Jos\u00e9 Mar\u00eda Jim\u00e9nez, CEO da Clarel.<\/p><p style=\"margin: 0px; padding: 0px 0px 1em; border: 0px; outline: 0px; text-size-adjust: 100%; vertical-align: baseline; background: transparent;\">O acordo com a Clarel acrescenta a categoria de \u2018beleza\u2019 \u00e0 plataforma, juntando-se \u00e0s outras categorias j\u00e1 presentes na Just Eat, como \u2018restaura\u00e7\u00e3o\u2019, \u2018cesta de compras\u2019, que conta j\u00e1 com mais de 3.200 estabelecimentos entre os quais se destacam a cadeia de supermercados Dia e 17 mercados abastecedores em toda a Espanha, e \u2018parafarm\u00e1cia\u2019, em parceria com a LUDA Partners.<\/p><p style=\"margin: 0px; padding: 0px; border: 0px; outline: 0px; text-size-adjust: 100%; vertical-align: baseline; background: transparent;\">Uma das principais vantagens da incorpora\u00e7\u00e3o desta nova categoria na plataforma \u00e9 o impulso ao com\u00e9rcio de cadeias reconhecidas, facilitando a comodidade di\u00e1ria dos clientes.<\/p><\/div><\/div><div class=\"et_pb_module et_pb_text et_pb_text_4 et_pb_text_align_left et_pb_bg_layout_light\" style=\"margin: 0px; padding: 0px; border: 0px; outline: 0px; font-size: 14px; text-size-adjust: 100%; vertical-align: baseline; background-image: initial; background-position: 50% center; background-size: cover; background-repeat: no-repeat; background-attachment: initial; background-origin: initial; background-clip: initial; position: relative; animation-timing-function: linear; animation-duration: 0.2s; overflow-wrap: break-word; color: rgb(102, 102, 102); font-family: Poppins, Helvetica, Arial, Lucida, sans-serif;\"><div class=\"et_pb_text_inner\" style=\"margin: 0px; padding: 0px; border: 0px; outline: 0px; text-size-adjust: 100%; vertical-align: baseline; background: transparent; position: relative;\"><p style=\"margin: 0px; padding: 0px 0px 1em; border: 0px; outline: 0px; text-size-adjust: 100%; vertical-align: baseline; background: transparent;\"><span style=\"margin: 0px; padding: 0px; border: 0px; outline: 0px; text-size-adjust: 100%; vertical-align: baseline; background: transparent; text-decoration-line: underline;\">\n  <span style=\"margin: 0px; padding: 0px; border: 0px; outline: 0px; text-size-adjust: 100%; vertical-align: baseline; background: transparent; font-weight: 700;\">Sobre a Clarel<\/span>\n<\/span><br>A Clarel \u00e9 um retalhista especializado em beleza, cuidados pessoais e do lar. Com mais de 11 anos no mercado, a Clarel oferece uma ampla gama de produtos que incluem cosm\u00e9ticos, produtos de higiene pessoal e solu\u00e7\u00f5es de cuidados para o lar, bem como as suas marcas exclusivas, entre elas: bont\u00e9, NeSk, Hogarel e AS. Com uma rede de 1.000 lojas em Espanha, a Clarel dedica-se a aproximar os cuidados pessoais e do lar, valorizando o bem-estar e a beleza do quotidiano.  <\/p><p style=\"margin: 0px; padding: 0px; border: 0px; outline: 0px; text-size-adjust: 100%; vertical-align: baseline; background: transparent;\">Para mais informa\u00e7\u00f5es, consulte o site da empresa <a href=\"https:\/\/www.clarel.es\/es\/\" target=\"_blank\" rel=\"noopener\" style=\"margin: 0px; padding: 0px; border: 0px; outline: 0px; text-size-adjust: 100%; vertical-align: baseline; background-image: initial; background-position: initial; background-size: initial; background-repeat: initial; background-attachment: initial; background-origin: initial; background-clip: initial; color: rgb(237, 176, 89);\">www.clarel.es<\/a> e as redes sociais <a href=\"https:\/\/www.linkedin.com\/company\/clarel-es\/mycompany\/verification\/\" target=\"_blank\" rel=\"noopener\" style=\"margin: 0px; padding: 0px; border: 0px; outline: 0px; text-size-adjust: 100%; vertical-align: baseline; background-image: initial; background-position: initial; background-size: initial; background-repeat: initial; background-attachment: initial; background-origin: initial; background-clip: initial; color: rgb(237, 176, 89);\">Linkedin<\/a><br><\/p><\/div><\/div>\t\t\t\t\t\t\t\t<\/div>\n\t\t\t\t<\/div>\n\t\t\t\t\t<\/div>\n\t\t\t\t<\/div>\n\t\t\t\t<\/div>\n\t\t","protected":false},"excerpt":{"rendered":"<p>Just Eat e Clarel selam um acordo estrat\u00e9gico para abrir uma nova categoria com produtos de cuidados pessoais, beleza e lar. Madrid, 7 de fevereiro de 2024 \u2981 A parceria come\u00e7a com 10 lojas Clarel localizadas na Comunidade de Madrid e na prov\u00edncia de Barcelona, com o objetivo de se expandir para mais territ\u00f3rios nos [&hellip;]<\/p>\n","protected":false},"author":5,"featured_media":0,"parent":0,"menu_order":0,"comment_status":"closed","ping_status":"closed","template":"","meta":{"footnotes":""},"class_list":["post-16251","page","type-page","status-publish","hentry"],"yoast_head":"<!-- This site is optimized with the Yoast SEO plugin v25.4 - https:\/\/yoast.com\/wordpress\/plugins\/seo\/ -->\n<title>Just Eat e Clarel selam um acordo estrat\u00e9gico para abrir uma nova categoria com produtos de cuidados pessoais, beleza e lar - Clarel<\/title>\n<meta name=\"description\" content=\"La alianza comienza con 10 tiendas Clarel ubicadas en la Comunidad de Madrid y la provincia de Barcelona con el objetivo de expandirse.\" \/>\n<meta name=\"robots\" content=\"index, follow, max-snippet:-1, max-image-preview:large, max-video-preview:-1\" \/>\n<link rel=\"canonical\" href=\"https:\/\/www.clarel.es\/blog\/pt-pt\/just-eat-e-clarel-selam-um-acordo-estrategico-para-abrir-uma-nova-categoria-com-produtos-de-cuidados-pessoais-beleza-e-lar\/\" \/>\n<meta property=\"og:locale\" content=\"pt_PT\" \/>\n<meta property=\"og:type\" content=\"article\" \/>\n<meta property=\"og:title\" content=\"Just Eat e Clarel selam um acordo estrat\u00e9gico para abrir uma nova categoria com produtos de cuidados pessoais, beleza e lar - Clarel\" \/>\n<meta property=\"og:description\" content=\"La alianza comienza con 10 tiendas Clarel ubicadas en la Comunidad de Madrid y la provincia de Barcelona con el objetivo de expandirse.\" \/>\n<meta property=\"og:url\" content=\"https:\/\/www.clarel.es\/blog\/pt-pt\/just-eat-e-clarel-selam-um-acordo-estrategico-para-abrir-uma-nova-categoria-com-produtos-de-cuidados-pessoais-beleza-e-lar\/\" \/>\n<meta property=\"og:site_name\" content=\"Clarel\" \/>\n<meta property=\"article:modified_time\" content=\"2025-10-17T08:24:47+00:00\" \/>\n<meta property=\"og:image\" content=\"https:\/\/blog-clarel.imgix.net\/uploads\/2024\/05\/clarel_justeat.png?auto=format%2Ccompress&ixlib=php-3.3.0\" \/>\n\t<meta property=\"og:image:width\" content=\"2501\" \/>\n\t<meta property=\"og:image:height\" content=\"1667\" \/>\n\t<meta property=\"og:image:type\" content=\"image\/png\" \/>\n<meta name=\"twitter:card\" content=\"summary_large_image\" \/>\n<script type=\"application\/ld+json\" class=\"yoast-schema-graph\">{\"@context\":\"https:\/\/schema.org\",\"@graph\":[{\"@type\":\"WebPage\",\"@id\":\"https:\/\/www.clarel.es\/blog\/pt-pt\/just-eat-e-clarel-selam-um-acordo-estrategico-para-abrir-uma-nova-categoria-com-produtos-de-cuidados-pessoais-beleza-e-lar\/\",\"url\":\"https:\/\/www.clarel.es\/blog\/pt-pt\/just-eat-e-clarel-selam-um-acordo-estrategico-para-abrir-uma-nova-categoria-com-produtos-de-cuidados-pessoais-beleza-e-lar\/\",\"name\":\"Just Eat e Clarel selam um acordo estrat\u00e9gico para abrir uma nova categoria com produtos de cuidados pessoais, beleza e lar - Clarel\",\"isPartOf\":{\"@id\":\"https:\/\/www.clarel.es\/blog\/#website\"},\"primaryImageOfPage\":{\"@id\":\"https:\/\/www.clarel.es\/blog\/pt-pt\/just-eat-e-clarel-selam-um-acordo-estrategico-para-abrir-uma-nova-categoria-com-produtos-de-cuidados-pessoais-beleza-e-lar\/#primaryimage\"},\"image\":{\"@id\":\"https:\/\/www.clarel.es\/blog\/pt-pt\/just-eat-e-clarel-selam-um-acordo-estrategico-para-abrir-uma-nova-categoria-com-produtos-de-cuidados-pessoais-beleza-e-lar\/#primaryimage\"},\"thumbnailUrl\":\"https:\/\/blog-clarel.imgix.net\/2024\/05\/clarel_justeat.png?auto=format%2Ccompress&amp;ixlib=php-3.3.0\",\"datePublished\":\"2024-05-16T08:41:56+00:00\",\"dateModified\":\"2025-10-17T08:24:47+00:00\",\"description\":\"La alianza comienza con 10 tiendas Clarel ubicadas en la Comunidad de Madrid y la provincia de Barcelona con el objetivo de expandirse.\",\"breadcrumb\":{\"@id\":\"https:\/\/www.clarel.es\/blog\/pt-pt\/just-eat-e-clarel-selam-um-acordo-estrategico-para-abrir-uma-nova-categoria-com-produtos-de-cuidados-pessoais-beleza-e-lar\/#breadcrumb\"},\"inLanguage\":\"pt-PT\",\"potentialAction\":[{\"@type\":\"ReadAction\",\"target\":[\"https:\/\/www.clarel.es\/blog\/pt-pt\/just-eat-e-clarel-selam-um-acordo-estrategico-para-abrir-uma-nova-categoria-com-produtos-de-cuidados-pessoais-beleza-e-lar\/\"]}]},{\"@type\":\"ImageObject\",\"inLanguage\":\"pt-PT\",\"@id\":\"https:\/\/www.clarel.es\/blog\/pt-pt\/just-eat-e-clarel-selam-um-acordo-estrategico-para-abrir-uma-nova-categoria-com-produtos-de-cuidados-pessoais-beleza-e-lar\/#primaryimage\",\"url\":\"https:\/\/blog-clarel.imgix.net\/2024\/05\/clarel_justeat.png?auto=format%2Ccompress&amp;ixlib=php-3.3.0\",\"contentUrl\":\"https:\/\/blog-clarel.imgix.net\/2024\/05\/clarel_justeat.png?auto=format%2Ccompress&amp;ixlib=php-3.3.0\"},{\"@type\":\"BreadcrumbList\",\"@id\":\"https:\/\/www.clarel.es\/blog\/pt-pt\/just-eat-e-clarel-selam-um-acordo-estrategico-para-abrir-uma-nova-categoria-com-produtos-de-cuidados-pessoais-beleza-e-lar\/#breadcrumb\",\"itemListElement\":[{\"@type\":\"ListItem\",\"position\":1,\"name\":\"Portada\",\"item\":\"https:\/\/www.clarel.es\/blog\/\"},{\"@type\":\"ListItem\",\"position\":2,\"name\":\"Just Eat e Clarel selam um acordo estrat\u00e9gico para abrir uma nova categoria com produtos de cuidados pessoais, beleza e lar\"}]},{\"@type\":\"WebSite\",\"@id\":\"https:\/\/www.clarel.es\/blog\/#website\",\"url\":\"https:\/\/www.clarel.es\/blog\/\",\"name\":\"Clarel\",\"description\":\"Tienda Online de perfumeria, cosmetica, maquillaje y hogar.\",\"publisher\":{\"@id\":\"https:\/\/www.clarel.es\/blog\/#organization\"},\"potentialAction\":[{\"@type\":\"SearchAction\",\"target\":{\"@type\":\"EntryPoint\",\"urlTemplate\":\"https:\/\/www.clarel.es\/blog\/?s={search_term_string}\"},\"query-input\":{\"@type\":\"PropertyValueSpecification\",\"valueRequired\":true,\"valueName\":\"search_term_string\"}}],\"inLanguage\":\"pt-PT\"},{\"@type\":\"Organization\",\"@id\":\"https:\/\/www.clarel.es\/blog\/#organization\",\"name\":\"Clarel\",\"url\":\"https:\/\/www.clarel.es\/blog\/\",\"logo\":{\"@type\":\"ImageObject\",\"inLanguage\":\"pt-PT\",\"@id\":\"https:\/\/www.clarel.es\/blog\/#\/schema\/logo\/image\/\",\"url\":\"https:\/\/clarel-test.ezenit.link\/blog\/wp-content\/uploads\/2022\/08\/logo_clarel.png\",\"contentUrl\":\"https:\/\/clarel-test.ezenit.link\/blog\/wp-content\/uploads\/2022\/08\/logo_clarel.png\",\"width\":432,\"height\":101,\"caption\":\"Clarel\"},\"image\":{\"@id\":\"https:\/\/www.clarel.es\/blog\/#\/schema\/logo\/image\/\"}}]}<\/script>\n<!-- \/ Yoast SEO plugin. -->","yoast_head_json":{"title":"Just Eat e Clarel selam um acordo estrat\u00e9gico para abrir uma nova categoria com produtos de cuidados pessoais, beleza e lar - Clarel","description":"La alianza comienza con 10 tiendas Clarel ubicadas en la Comunidad de Madrid y la provincia de Barcelona con el objetivo de expandirse.","robots":{"index":"index","follow":"follow","max-snippet":"max-snippet:-1","max-image-preview":"max-image-preview:large","max-video-preview":"max-video-preview:-1"},"canonical":"https:\/\/www.clarel.es\/blog\/pt-pt\/just-eat-e-clarel-selam-um-acordo-estrategico-para-abrir-uma-nova-categoria-com-produtos-de-cuidados-pessoais-beleza-e-lar\/","og_locale":"pt_PT","og_type":"article","og_title":"Just Eat e Clarel selam um acordo estrat\u00e9gico para abrir uma nova categoria com produtos de cuidados pessoais, beleza e lar - Clarel","og_description":"La alianza comienza con 10 tiendas Clarel ubicadas en la Comunidad de Madrid y la provincia de Barcelona con el objetivo de expandirse.","og_url":"https:\/\/www.clarel.es\/blog\/pt-pt\/just-eat-e-clarel-selam-um-acordo-estrategico-para-abrir-uma-nova-categoria-com-produtos-de-cuidados-pessoais-beleza-e-lar\/","og_site_name":"Clarel","article_modified_time":"2025-10-17T08:24:47+00:00","og_image":[{"width":2501,"height":1667,"url":"https:\/\/blog-clarel.imgix.net\/uploads\/2024\/05\/clarel_justeat.png?auto=format%2Ccompress&ixlib=php-3.3.0","type":"image\/png"}],"twitter_card":"summary_large_image","schema":{"@context":"https:\/\/schema.org","@graph":[{"@type":"WebPage","@id":"https:\/\/www.clarel.es\/blog\/pt-pt\/just-eat-e-clarel-selam-um-acordo-estrategico-para-abrir-uma-nova-categoria-com-produtos-de-cuidados-pessoais-beleza-e-lar\/","url":"https:\/\/www.clarel.es\/blog\/pt-pt\/just-eat-e-clarel-selam-um-acordo-estrategico-para-abrir-uma-nova-categoria-com-produtos-de-cuidados-pessoais-beleza-e-lar\/","name":"Just Eat e Clarel selam um acordo estrat\u00e9gico para abrir uma nova categoria com produtos de cuidados pessoais, beleza e lar - Clarel","isPartOf":{"@id":"https:\/\/www.clarel.es\/blog\/#website"},"primaryImageOfPage":{"@id":"https:\/\/www.clarel.es\/blog\/pt-pt\/just-eat-e-clarel-selam-um-acordo-estrategico-para-abrir-uma-nova-categoria-com-produtos-de-cuidados-pessoais-beleza-e-lar\/#primaryimage"},"image":{"@id":"https:\/\/www.clarel.es\/blog\/pt-pt\/just-eat-e-clarel-selam-um-acordo-estrategico-para-abrir-uma-nova-categoria-com-produtos-de-cuidados-pessoais-beleza-e-lar\/#primaryimage"},"thumbnailUrl":"https:\/\/blog-clarel.imgix.net\/2024\/05\/clarel_justeat.png?auto=format%2Ccompress&amp;ixlib=php-3.3.0","datePublished":"2024-05-16T08:41:56+00:00","dateModified":"2025-10-17T08:24:47+00:00","description":"La alianza comienza con 10 tiendas Clarel ubicadas en la Comunidad de Madrid y la provincia de Barcelona con el objetivo de expandirse.","breadcrumb":{"@id":"https:\/\/www.clarel.es\/blog\/pt-pt\/just-eat-e-clarel-selam-um-acordo-estrategico-para-abrir-uma-nova-categoria-com-produtos-de-cuidados-pessoais-beleza-e-lar\/#breadcrumb"},"inLanguage":"pt-PT","potentialAction":[{"@type":"ReadAction","target":["https:\/\/www.clarel.es\/blog\/pt-pt\/just-eat-e-clarel-selam-um-acordo-estrategico-para-abrir-uma-nova-categoria-com-produtos-de-cuidados-pessoais-beleza-e-lar\/"]}]},{"@type":"ImageObject","inLanguage":"pt-PT","@id":"https:\/\/www.clarel.es\/blog\/pt-pt\/just-eat-e-clarel-selam-um-acordo-estrategico-para-abrir-uma-nova-categoria-com-produtos-de-cuidados-pessoais-beleza-e-lar\/#primaryimage","url":"https:\/\/blog-clarel.imgix.net\/2024\/05\/clarel_justeat.png?auto=format%2Ccompress&amp;ixlib=php-3.3.0","contentUrl":"https:\/\/blog-clarel.imgix.net\/2024\/05\/clarel_justeat.png?auto=format%2Ccompress&amp;ixlib=php-3.3.0"},{"@type":"BreadcrumbList","@id":"https:\/\/www.clarel.es\/blog\/pt-pt\/just-eat-e-clarel-selam-um-acordo-estrategico-para-abrir-uma-nova-categoria-com-produtos-de-cuidados-pessoais-beleza-e-lar\/#breadcrumb","itemListElement":[{"@type":"ListItem","position":1,"name":"Portada","item":"https:\/\/www.clarel.es\/blog\/"},{"@type":"ListItem","position":2,"name":"Just Eat e Clarel selam um acordo estrat\u00e9gico para abrir uma nova categoria com produtos de cuidados pessoais, beleza e lar"}]},{"@type":"WebSite","@id":"https:\/\/www.clarel.es\/blog\/#website","url":"https:\/\/www.clarel.es\/blog\/","name":"Clarel","description":"Tienda Online de perfumeria, cosmetica, maquillaje y hogar.","publisher":{"@id":"https:\/\/www.clarel.es\/blog\/#organization"},"potentialAction":[{"@type":"SearchAction","target":{"@type":"EntryPoint","urlTemplate":"https:\/\/www.clarel.es\/blog\/?s={search_term_string}"},"query-input":{"@type":"PropertyValueSpecification","valueRequired":true,"valueName":"search_term_string"}}],"inLanguage":"pt-PT"},{"@type":"Organization","@id":"https:\/\/www.clarel.es\/blog\/#organization","name":"Clarel","url":"https:\/\/www.clarel.es\/blog\/","logo":{"@type":"ImageObject","inLanguage":"pt-PT","@id":"https:\/\/www.clarel.es\/blog\/#\/schema\/logo\/image\/","url":"https:\/\/clarel-test.ezenit.link\/blog\/wp-content\/uploads\/2022\/08\/logo_clarel.png","contentUrl":"https:\/\/clarel-test.ezenit.link\/blog\/wp-content\/uploads\/2022\/08\/logo_clarel.png","width":432,"height":101,"caption":"Clarel"},"image":{"@id":"https:\/\/www.clarel.es\/blog\/#\/schema\/logo\/image\/"}}]}},"_links":{"self":[{"href":"https:\/\/www.clarel.es\/blog\/pt-pt\/wp-json\/wp\/v2\/pages\/16251","targetHints":{"allow":["GET"]}}],"collection":[{"href":"https:\/\/www.clarel.es\/blog\/pt-pt\/wp-json\/wp\/v2\/pages"}],"about":[{"href":"https:\/\/www.clarel.es\/blog\/pt-pt\/wp-json\/wp\/v2\/types\/page"}],"author":[{"embeddable":true,"href":"https:\/\/www.clarel.es\/blog\/pt-pt\/wp-json\/wp\/v2\/users\/5"}],"replies":[{"embeddable":true,"href":"https:\/\/www.clarel.es\/blog\/pt-pt\/wp-json\/wp\/v2\/comments?post=16251"}],"version-history":[{"count":2,"href":"https:\/\/www.clarel.es\/blog\/pt-pt\/wp-json\/wp\/v2\/pages\/16251\/revisions"}],"predecessor-version":[{"id":16372,"href":"https:\/\/www.clarel.es\/blog\/pt-pt\/wp-json\/wp\/v2\/pages\/16251\/revisions\/16372"}],"wp:attachment":[{"href":"https:\/\/www.clarel.es\/blog\/pt-pt\/wp-json\/wp\/v2\/media?parent=16251"}],"curies":[{"name":"wp","href":"https:\/\/api.w.org\/{rel}","templated":true}]}}